{"id":14380,"date":"2023-05-25T09:34:54","date_gmt":"2023-05-25T08:34:54","guid":{"rendered":"https:\/\/fundaciorecerca.cat\/?page_id=14380"},"modified":"2024-07-15T12:03:42","modified_gmt":"2024-07-15T11:03:42","slug":"escoles-destiu-2023","status":"publish","type":"page","link":"https:\/\/fcri.cat\/ca\/societat-educacio\/escoles-destiu-per-a-docents\/escoles-destiu-2023\/","title":{"rendered":"Escoles d&#8217;estiu 2023"},"content":{"rendered":"<p>[et_pb_section fb_built=&#8221;1&#8243; admin_label=&#8221;Hero&#8221; _builder_version=&#8221;4.16&#8243; custom_padding=&#8221;2px|||||&#8221; da_disable_devices=&#8221;off|off|off&#8221; global_colors_info=&#8221;{}&#8221; theme_builder_area=&#8221;post_content&#8221; da_is_popup=&#8221;off&#8221; da_exit_intent=&#8221;off&#8221; da_has_close=&#8221;on&#8221; da_alt_close=&#8221;off&#8221; da_dark_close=&#8221;off&#8221; da_not_modal=&#8221;on&#8221; da_is_singular=&#8221;off&#8221; da_with_loader=&#8221;off&#8221; da_has_shadow=&#8221;on&#8221;][et_pb_row _builder_version=&#8221;4.16&#8243; _module_preset=&#8221;default&#8221; custom_padding=&#8221;60px|||||&#8221; global_colors_info=&#8221;{}&#8221; theme_builder_area=&#8221;post_content&#8221;][et_pb_column type=&#8221;4_4&#8243; _builder_version=&#8221;4.16&#8243; _module_preset=&#8221;default&#8221; global_colors_info=&#8221;{}&#8221; theme_builder_area=&#8221;post_content&#8221;][et_pb_blurb alt=&#8221;CiA_Amgen_Edicio2017_FCRi_FundacioRecerca&#8221; content_max_width=&#8221;100%&#8221; _builder_version=&#8221;4.25.2&#8243; header_font=&#8221;Lato|700|||||||&#8221; header_text_align=&#8221;center&#8221; header_font_size=&#8221;25px&#8221; header_line_height=&#8221;1.8em&#8221; body_text_align=&#8221;center&#8221; body_font_size=&#8221;18px&#8221; width=&#8221;100%&#8221; min_height=&#8221;984px&#8221; custom_padding=&#8221;8px|0px|8px|0px|true|true&#8221; animation_style=&#8221;flip&#8221; animation_intensity_flip=&#8221;20%&#8221; animation=&#8221;off&#8221; border_color_all=&#8221;rgba(0,0,0,0.12)&#8221; global_colors_info=&#8221;{}&#8221; theme_builder_area=&#8221;post_content&#8221;]<\/p>\n<p style=\"text-align: left;\">En el marc de refer\u00e8ncia de la Compet\u00e8ncia Digital Docent (CDD), la Fundaci\u00f3 Catalana per a la Recerca la Innovaci\u00f3 (FCRI) engega una nova proposta formativa.<\/p>\n<p style=\"text-align: left;\">La formaci\u00f3 consisteix en un curs d\u2019estiu a realitzar d\u2019entre una oferta de 5 cursos:<\/p>\n<ul>\n<li style=\"text-align: left;\">L\u2019experimentaci\u00f3 a les classes de ci\u00e8ncies utilitzant les noves tecnologies &#8211; Universitat de Girona. (25 hores)<\/li>\n<li style=\"text-align: left;\">L\u2019experimentaci\u00f3 a les classes de ci\u00e8ncies utilitzant les noves tecnologies &#8211; Universitat de Lleida. (25 hores)<\/li>\n<li style=\"text-align: left;\">L\u2019experimentaci\u00f3 a les classes de ci\u00e8ncies utilitzant les noves tecnologies &#8211; Universitat Rovira i Virgili. (25 hores)<\/li>\n<li style=\"text-align: left;\">Aprenentatge basat en videojocs: nivell inicial. (25 hores)<\/li>\n<li style=\"text-align: left;\"><span data-contrast=\"none\" xml:lang=\"CA-ES\" lang=\"CA-ES\" class=\"TextRun SCXW204636389 BCX0\"><span class=\"NormalTextRun SCXW204636389 BCX0\">Interpretaci\u00f3 i confecci\u00f3 de mapes 1 talls geol\u00f2gics. (20 hores)<\/span><\/span><span class=\"EOP SCXW204636389 BCX0\" data-ccp-props=\"{&quot;201341983&quot;:2,&quot;335559739&quot;:0,&quot;335559740&quot;:390}\">\u00a0<\/span><\/li>\n<\/ul>\n<p style=\"text-align: left;\">La formaci\u00f3 se basa en una metodologia adaptada a les compet\u00e8ncies, habilitats i interessos dels participants, perqu\u00e8 l\u2019aprenentatge sigui significatiu, transferible a l\u2019aula i permanent. A trav\u00e9s d\u2019aquests cursos es pret\u00e9n desenvolupar la creativitat i el pensament cr\u00edtic en la creaci\u00f3 de contingut de l\u2019\u00e0mbit digital.<\/p>\n<p style=\"text-align: left;\">Els cursos s\u00f3n gratu\u00efts i estan certificats pel Departament d\u2019Educaci\u00f3 (cal assistir a un m\u00ednim del 80% de les sessions). Formaci\u00f3 disponible nom\u00e9s per docents en actiu a Catalunya.<\/p>\n<h3 style=\"text-align: left;\"><strong>Programes i inscripcions<\/strong><\/h3>\n<p style=\"text-align: left;\"><strong>\u2013 L\u2019experimentaci\u00f3 a les classes de ci\u00e8ncies utilitzant les noves tecnologies<\/strong><\/p>\n<p style=\"text-align: left;\">Universitat de Girona. Del 10 al 14 de juliol de 2023. <strong><a href=\"https:\/\/fcri.cat\/wp-content\/uploads\/2023\/05\/Programa-UdG_2023.pdf\" title=\"vegeu programa \">Vegeu programa.<\/a> <\/strong><strong><a href=\"https:\/\/projectes.fcri.cat\/cursos_estiu\/index.asp?accio=formulari&amp;firstime=si&amp;curs=2023_noves_tecnologies_girona\">Inscripci\u00f3<\/a><\/strong><\/p>\n<p style=\"text-align: left;\">Universitat de Lleida.\u00a0 Del 10 al 14 de juliol de 2023. <a href=\"https:\/\/fcri.cat\/wp-content\/uploads\/2023\/05\/Programa-UdL-2023.pdf\" title=\"vegeu programa \"><strong>Vegeu programa. <\/strong><\/a><strong><a href=\"https:\/\/projectes.fcri.cat\/cursos_estiu\/index.asp?accio=formulari&amp;firstime=si&amp;curs=2023_noves_tecnologies_lleida\">Inscripci\u00f3<\/a><\/strong><\/p>\n<p style=\"text-align: left;\">Universitat Rovira i Virgili. Del 10 al 14 de juliol de 2023. <strong><a href=\"https:\/\/fcri.cat\/wp-content\/uploads\/2023\/05\/Experimentacio_URV.pdf\" title=\"vegeu programa \">Vegeu programa. <\/a><\/strong><strong><a href=\"https:\/\/projectes.fcri.cat\/cursos_estiu\/index.asp?accio=formulari&amp;firstime=si&amp;curs=2023_noves_tecnologies_tarragona\">Inscripci\u00f3<\/a><\/strong><\/p>\n<p style=\"text-align: left;\"><strong>\u2013 Aprenentatge basat en videojocs: nivell inicial. <\/strong>En l\u00ednia. Del 3 al 10 de juliol de 2023.<strong> <a href=\"https:\/\/fcri.cat\/wp-content\/uploads\/2023\/05\/Programa_videojocs_inicial_2023.pdf\" title=\"vegeu programa \">Vegeu programa. <\/a><\/strong><strong><a href=\"https:\/\/projectes.fcri.cat\/cursos_estiu\/index.asp?accio=formulari&amp;firstime=si&amp;curs=2023_videojocs_inicial\">Inscripci\u00f3<\/a><\/strong><\/p>\n<p style=\"text-align: left;\"><strong>\u2013 Usos educatius dels videojocs: nivell avan\u00e7at. <\/strong>En l\u00ednia. De l&#8217;11 al 18 de juliol de 2023<strong>. <a href=\"https:\/\/fcri.cat\/wp-content\/uploads\/2023\/05\/Programa_videojocs_avancat_2023.pdf\">Vegeu programa<\/a>. <a href=\"https:\/\/projectes.fcri.cat\/cursos_estiu\/index.asp?accio=formulari&amp;firstime=si&amp;curs=2023_videojocs_avancat\">Inscripci\u00f3<\/a><\/strong><\/p>\n<p style=\"text-align: left;\"><strong>\u2013 Interpretaci\u00f3 i confecci\u00f3 de mapes i talls geol\u00f2gics. Itineraris geol\u00f2gics amb eines TIC gratu\u00eftes. <\/strong>Del 10 al 14 de juliol de 2023<strong>. <a href=\"https:\/\/fcri.cat\/wp-content\/uploads\/2023\/05\/Mapes_Geologics_2023.pdf\">Vegeu programa<\/a>. <a href=\"https:\/\/projectes.fcri.cat\/cursos_estiu\/index.asp?accio=formulari&amp;firstime=si&amp;curs=2023_mapes\">Inscripci\u00f3<\/a><\/strong><\/p>\n<p>[\/et_pb_blurb][\/et_pb_column][\/et_pb_row][\/et_pb_section]<\/p>\n","protected":false},"excerpt":{"rendered":"<p>En el marc de refer\u00e8ncia de la Compet\u00e8ncia Digital Docent (CDD), la Fundaci\u00f3 Catalana per a la Recerca la Innovaci\u00f3 (FCRI) engega una nova proposta formativa. La formaci\u00f3 consisteix en [&hellip;]<\/p>\n","protected":false},"author":3,"featured_media":14489,"parent":420,"menu_order":0,"comment_status":"closed","ping_status":"closed","template":"","meta":{"_et_pb_use_builder":"on","_et_pb_old_content":"","_et_gb_content_width":"","footnotes":""},"class_list":["post-14380","page","type-page","status-publish","has-post-thumbnail","hentry"],"yoast_head":"<!-- This site is optimized with the Yoast SEO plugin v22.9 - https:\/\/yoast.com\/wordpress\/plugins\/seo\/ -->\n<title>Escoles d&#039;estiu 2023 - Fundacio Recerca<\/title>\n<meta name=\"robots\" content=\"index, follow, max-snippet:-1, max-image-preview:large, max-video-preview:-1\" \/>\n<link rel=\"canonical\" href=\"https:\/\/fcri.cat\/ca\/societat-educacio\/escoles-destiu-per-a-docents\/escoles-destiu-2023\/\" \/>\n<meta property=\"og:locale\" content=\"ca_ES\" \/>\n<meta property=\"og:type\" content=\"article\" \/>\n<meta property=\"og:title\" content=\"Escoles d&#039;estiu 2023 - Fundacio Recerca\" \/>\n<meta property=\"og:description\" content=\"En el marc de refer\u00e8ncia de la Compet\u00e8ncia Digital Docent (CDD), la Fundaci\u00f3 Catalana per a la Recerca la Innovaci\u00f3 (FCRI) engega una nova proposta formativa. La formaci\u00f3 consisteix en [&hellip;]\" \/>\n<meta property=\"og:url\" content=\"https:\/\/fcri.cat\/ca\/societat-educacio\/escoles-destiu-per-a-docents\/escoles-destiu-2023\/\" \/>\n<meta property=\"og:site_name\" content=\"Fundacio Recerca\" \/>\n<meta property=\"article:publisher\" content=\"https:\/\/www.facebook.com\/fundaciorecerca\" \/>\n<meta property=\"article:modified_time\" content=\"2024-07-15T11:03:42+00:00\" \/>\n<meta property=\"og:image\" content=\"https:\/\/fcri.cat\/wp-content\/uploads\/2023\/05\/cursoestiu2023.jpg\" \/>\n\t<meta property=\"og:image:width\" content=\"1200\" \/>\n\t<meta property=\"og:image:height\" content=\"600\" \/>\n\t<meta property=\"og:image:type\" content=\"image\/jpeg\" \/>\n<meta name=\"twitter:card\" content=\"summary_large_image\" \/>\n<meta name=\"twitter:site\" content=\"@fundaciorecerca\" \/>\n<meta name=\"twitter:label1\" content=\"Temps estimat de lectura\" \/>\n\t<meta name=\"twitter:data1\" content=\"2 minuts\" \/>\n<script type=\"application\/ld+json\" class=\"yoast-schema-graph\">{\"@context\":\"https:\/\/schema.org\",\"@graph\":[{\"@type\":\"WebPage\",\"@id\":\"https:\/\/fcri.cat\/ca\/societat-educacio\/escoles-destiu-per-a-docents\/escoles-destiu-2023\/\",\"url\":\"https:\/\/fcri.cat\/ca\/societat-educacio\/escoles-destiu-per-a-docents\/escoles-destiu-2023\/\",\"name\":\"Escoles d'estiu 2023 - Fundacio Recerca\",\"isPartOf\":{\"@id\":\"https:\/\/fcri.cat\/ca\/#website\"},\"primaryImageOfPage\":{\"@id\":\"https:\/\/fcri.cat\/ca\/societat-educacio\/escoles-destiu-per-a-docents\/escoles-destiu-2023\/#primaryimage\"},\"image\":{\"@id\":\"https:\/\/fcri.cat\/ca\/societat-educacio\/escoles-destiu-per-a-docents\/escoles-destiu-2023\/#primaryimage\"},\"thumbnailUrl\":\"https:\/\/fcri.cat\/wp-content\/uploads\/2023\/05\/cursoestiu2023.jpg?wsr\",\"datePublished\":\"2023-05-25T08:34:54+00:00\",\"dateModified\":\"2024-07-15T11:03:42+00:00\",\"breadcrumb\":{\"@id\":\"https:\/\/fcri.cat\/ca\/societat-educacio\/escoles-destiu-per-a-docents\/escoles-destiu-2023\/#breadcrumb\"},\"inLanguage\":\"ca\",\"potentialAction\":[{\"@type\":\"ReadAction\",\"target\":[\"https:\/\/fcri.cat\/ca\/societat-educacio\/escoles-destiu-per-a-docents\/escoles-destiu-2023\/\"]}]},{\"@type\":\"ImageObject\",\"inLanguage\":\"ca\",\"@id\":\"https:\/\/fcri.cat\/ca\/societat-educacio\/escoles-destiu-per-a-docents\/escoles-destiu-2023\/#primaryimage\",\"url\":\"https:\/\/fcri.cat\/wp-content\/uploads\/2023\/05\/cursoestiu2023.jpg?wsr\",\"contentUrl\":\"https:\/\/fcri.cat\/wp-content\/uploads\/2023\/05\/cursoestiu2023.jpg?wsr\",\"width\":1200,\"height\":600},{\"@type\":\"BreadcrumbList\",\"@id\":\"https:\/\/fcri.cat\/ca\/societat-educacio\/escoles-destiu-per-a-docents\/escoles-destiu-2023\/#breadcrumb\",\"itemListElement\":[{\"@type\":\"ListItem\",\"position\":1,\"name\":\"Inici\",\"item\":\"https:\/\/fcri.cat\/ca\/\"},{\"@type\":\"ListItem\",\"position\":2,\"name\":\"Societat i educaci\u00f3\",\"item\":\"https:\/\/fcri.cat\/ca\/societat-educacio\/\"},{\"@type\":\"ListItem\",\"position\":3,\"name\":\"Escoles d&#8217;estiu per a docents\",\"item\":\"https:\/\/fcri.cat\/ca\/societat-educacio\/escoles-destiu-per-a-docents\/\"},{\"@type\":\"ListItem\",\"position\":4,\"name\":\"Escoles d&#8217;estiu 2023\"}]},{\"@type\":\"WebSite\",\"@id\":\"https:\/\/fcri.cat\/ca\/#website\",\"url\":\"https:\/\/fcri.cat\/ca\/\",\"name\":\"Fundacio Recerca\",\"description\":\"Fundaci\u00f3 Catalana per a la Recerca i la Innovaci\u00f3\",\"potentialAction\":[{\"@type\":\"SearchAction\",\"target\":{\"@type\":\"EntryPoint\",\"urlTemplate\":\"https:\/\/fcri.cat\/ca\/?s={search_term_string}\"},\"query-input\":\"required name=search_term_string\"}],\"inLanguage\":\"ca\"}]}<\/script>\n<!-- \/ Yoast SEO plugin. -->","yoast_head_json":{"title":"Escoles d'estiu 2023 - Fundacio Recerca","robots":{"index":"index","follow":"follow","max-snippet":"max-snippet:-1","max-image-preview":"max-image-preview:large","max-video-preview":"max-video-preview:-1"},"canonical":"https:\/\/fcri.cat\/ca\/societat-educacio\/escoles-destiu-per-a-docents\/escoles-destiu-2023\/","og_locale":"ca_ES","og_type":"article","og_title":"Escoles d'estiu 2023 - Fundacio Recerca","og_description":"En el marc de refer\u00e8ncia de la Compet\u00e8ncia Digital Docent (CDD), la Fundaci\u00f3 Catalana per a la Recerca la Innovaci\u00f3 (FCRI) engega una nova proposta formativa. La formaci\u00f3 consisteix en [&hellip;]","og_url":"https:\/\/fcri.cat\/ca\/societat-educacio\/escoles-destiu-per-a-docents\/escoles-destiu-2023\/","og_site_name":"Fundacio Recerca","article_publisher":"https:\/\/www.facebook.com\/fundaciorecerca","article_modified_time":"2024-07-15T11:03:42+00:00","og_image":[{"width":1200,"height":600,"url":"https:\/\/fcri.cat\/wp-content\/uploads\/2023\/05\/cursoestiu2023.jpg","type":"image\/jpeg"}],"twitter_card":"summary_large_image","twitter_site":"@fundaciorecerca","twitter_misc":{"Temps estimat de lectura":"2 minuts"},"schema":{"@context":"https:\/\/schema.org","@graph":[{"@type":"WebPage","@id":"https:\/\/fcri.cat\/ca\/societat-educacio\/escoles-destiu-per-a-docents\/escoles-destiu-2023\/","url":"https:\/\/fcri.cat\/ca\/societat-educacio\/escoles-destiu-per-a-docents\/escoles-destiu-2023\/","name":"Escoles d'estiu 2023 - Fundacio Recerca","isPartOf":{"@id":"https:\/\/fcri.cat\/ca\/#website"},"primaryImageOfPage":{"@id":"https:\/\/fcri.cat\/ca\/societat-educacio\/escoles-destiu-per-a-docents\/escoles-destiu-2023\/#primaryimage"},"image":{"@id":"https:\/\/fcri.cat\/ca\/societat-educacio\/escoles-destiu-per-a-docents\/escoles-destiu-2023\/#primaryimage"},"thumbnailUrl":"https:\/\/fcri.cat\/wp-content\/uploads\/2023\/05\/cursoestiu2023.jpg?wsr","datePublished":"2023-05-25T08:34:54+00:00","dateModified":"2024-07-15T11:03:42+00:00","breadcrumb":{"@id":"https:\/\/fcri.cat\/ca\/societat-educacio\/escoles-destiu-per-a-docents\/escoles-destiu-2023\/#breadcrumb"},"inLanguage":"ca","potentialAction":[{"@type":"ReadAction","target":["https:\/\/fcri.cat\/ca\/societat-educacio\/escoles-destiu-per-a-docents\/escoles-destiu-2023\/"]}]},{"@type":"ImageObject","inLanguage":"ca","@id":"https:\/\/fcri.cat\/ca\/societat-educacio\/escoles-destiu-per-a-docents\/escoles-destiu-2023\/#primaryimage","url":"https:\/\/fcri.cat\/wp-content\/uploads\/2023\/05\/cursoestiu2023.jpg?wsr","contentUrl":"https:\/\/fcri.cat\/wp-content\/uploads\/2023\/05\/cursoestiu2023.jpg?wsr","width":1200,"height":600},{"@type":"BreadcrumbList","@id":"https:\/\/fcri.cat\/ca\/societat-educacio\/escoles-destiu-per-a-docents\/escoles-destiu-2023\/#breadcrumb","itemListElement":[{"@type":"ListItem","position":1,"name":"Inici","item":"https:\/\/fcri.cat\/ca\/"},{"@type":"ListItem","position":2,"name":"Societat i educaci\u00f3","item":"https:\/\/fcri.cat\/ca\/societat-educacio\/"},{"@type":"ListItem","position":3,"name":"Escoles d&#8217;estiu per a docents","item":"https:\/\/fcri.cat\/ca\/societat-educacio\/escoles-destiu-per-a-docents\/"},{"@type":"ListItem","position":4,"name":"Escoles d&#8217;estiu 2023"}]},{"@type":"WebSite","@id":"https:\/\/fcri.cat\/ca\/#website","url":"https:\/\/fcri.cat\/ca\/","name":"Fundacio Recerca","description":"Fundaci\u00f3 Catalana per a la Recerca i la Innovaci\u00f3","potentialAction":[{"@type":"SearchAction","target":{"@type":"EntryPoint","urlTemplate":"https:\/\/fcri.cat\/ca\/?s={search_term_string}"},"query-input":"required name=search_term_string"}],"inLanguage":"ca"}]}},"_links":{"self":[{"href":"https:\/\/fcri.cat\/ca\/wp-json\/wp\/v2\/pages\/14380"}],"collection":[{"href":"https:\/\/fcri.cat\/ca\/wp-json\/wp\/v2\/pages"}],"about":[{"href":"https:\/\/fcri.cat\/ca\/wp-json\/wp\/v2\/types\/page"}],"author":[{"embeddable":true,"href":"https:\/\/fcri.cat\/ca\/wp-json\/wp\/v2\/users\/3"}],"replies":[{"embeddable":true,"href":"https:\/\/fcri.cat\/ca\/wp-json\/wp\/v2\/comments?post=14380"}],"version-history":[{"count":102,"href":"https:\/\/fcri.cat\/ca\/wp-json\/wp\/v2\/pages\/14380\/revisions"}],"predecessor-version":[{"id":20122,"href":"https:\/\/fcri.cat\/ca\/wp-json\/wp\/v2\/pages\/14380\/revisions\/20122"}],"up":[{"embeddable":true,"href":"https:\/\/fcri.cat\/ca\/wp-json\/wp\/v2\/pages\/420"}],"wp:featuredmedia":[{"embeddable":true,"href":"https:\/\/fcri.cat\/ca\/wp-json\/wp\/v2\/media\/14489"}],"wp:attachment":[{"href":"https:\/\/fcri.cat\/ca\/wp-json\/wp\/v2\/media?parent=14380"}],"curies":[{"name":"wp","href":"https:\/\/api.w.org\/{rel}","templated":true}]}}