{"id":265,"date":"2020-11-27T08:44:41","date_gmt":"2020-11-27T07:44:41","guid":{"rendered":"http:\/\/waa.fundaciorecerca.cat\/?page_id=265"},"modified":"2024-10-07T15:38:38","modified_gmt":"2024-10-07T14:38:38","slug":"cooperacio-publicoprivada","status":"publish","type":"page","link":"https:\/\/fcri.cat\/ca\/cooperacio-publicoprivada\/","title":{"rendered":"Cooperaci\u00f3 publicoprivada"},"content":{"rendered":"<p>[et_pb_section fb_built=&#8221;1&#8243; admin_label=&#8221;Hero&#8221; _builder_version=&#8221;4.16&#8243; custom_padding=&#8221;2px|||||&#8221; locked=&#8221;off&#8221; global_colors_info=&#8221;{}&#8221;][et_pb_row _builder_version=&#8221;4.16&#8243; background_size=&#8221;initial&#8221; background_position=&#8221;top_left&#8221; background_repeat=&#8221;repeat&#8221; custom_padding=&#8221;3px|0px|26px|0px|false|false&#8221; locked=&#8221;off&#8221; global_colors_info=&#8221;{}&#8221;][et_pb_column type=&#8221;4_4&#8243; _builder_version=&#8221;4.16&#8243; custom_padding=&#8221;|||&#8221; global_colors_info=&#8221;{}&#8221; custom_padding__hover=&#8221;|||&#8221;][et_pb_slider _builder_version=&#8221;4.16&#8243; _module_preset=&#8221;default&#8221; header_font_size=&#8221;40px&#8221; body_font_size=&#8221;23px&#8221; background_enable_color=&#8221;off&#8221; text_orientation=&#8221;left&#8221; max_width_tablet=&#8221;&#8221; max_width_phone=&#8221;&#8221; max_width_last_edited=&#8221;on|phone&#8221; min_height=&#8221;540px&#8221; min_height_tablet=&#8221;&#8221; min_height_phone=&#8221;256px&#8221; min_height_last_edited=&#8221;on|phone&#8221; custom_margin=&#8221;40px||||false|false&#8221; header_font_size_tablet=&#8221;&#8221; header_font_size_phone=&#8221;&#8221; header_font_size_last_edited=&#8221;on|desktop&#8221; body_font_size_tablet=&#8221;&#8221; body_font_size_phone=&#8221;&#8221; body_font_size_last_edited=&#8221;on|desktop&#8221; border_width_all=&#8221;1px&#8221; global_colors_info=&#8221;{}&#8221;][et_pb_slide url_new_window=&#8221;on&#8221; use_bg_overlay=&#8221;off&#8221; alignment=&#8221;bottom&#8221; admin_title=&#8221;slider&#8221; _builder_version=&#8221;4.16&#8243; _module_preset=&#8221;default&#8221; header_font=&#8221;Arial|300|||||||&#8221; body_font=&#8221;|700|||||||&#8221; body_line_height=&#8221;1em&#8221; background_enable_color=&#8221;off&#8221; background_image=&#8221;https:\/\/fcri.cat\/wp-content\/uploads\/2021\/03\/innovacio-1.png&#8221; background_enable_image=&#8221;on&#8221; background_size=&#8221;initial&#8221; background_position=&#8221;top_right&#8221; text_orientation=&#8221;left&#8221; background_layout=&#8221;light&#8221; custom_padding=&#8221;|||0px|false|false&#8221; custom_padding_tablet=&#8221;100px||100px|0px|false|false&#8221; custom_padding_phone=&#8221;0px|0px|0px|0px|false|false&#8221; custom_padding_last_edited=&#8221;on|phone&#8221; hover_transition_duration=&#8221;0ms&#8221; link_option_url_new_window=&#8221;on&#8221; header_font_size_tablet=&#8221;26px&#8221; header_font_size_phone=&#8221;20px&#8221; header_font_size_last_edited=&#8221;on|phone&#8221; body_font_size_tablet=&#8221;22px&#8221; body_font_size_phone=&#8221;20px&#8221; body_font_size_last_edited=&#8221;on|phone&#8221; background_last_edited=&#8221;off|phone&#8221; background_enable_image_phone=&#8221;off&#8221; parallax_phone=&#8221;off&#8221; background_size_phone=&#8221;contain&#8221; background_position_phone=&#8221;center_right&#8221; background_repeat_phone=&#8221;no-repeat&#8221; global_colors_info=&#8221;{}&#8221; alt_phone=&#8221;Imatge representativa Concurs Tesi en 4 minuts&#8221; title_text_phone=&#8221;Tesi4minuts-slider&#8221; sticky_transition=&#8221;on&#8221;]<\/p>\n<h1>Innovaci\u00f3<\/h1>\n<p>[\/et_pb_slide][\/et_pb_slider][\/et_pb_column][\/et_pb_row][et_pb_row column_structure=&#8221;3_5,2_5&#8243; _builder_version=&#8221;4.16&#8243; _module_preset=&#8221;default&#8221; locked=&#8221;off&#8221; global_colors_info=&#8221;{}&#8221;][et_pb_column type=&#8221;3_5&#8243; _builder_version=&#8221;4.16&#8243; _module_preset=&#8221;default&#8221; custom_padding=&#8221;|50px|||false|false&#8221; custom_padding_tablet=&#8221;|0px|40px||false|false&#8221; custom_padding_phone=&#8221;||40px||false|false&#8221; custom_padding_last_edited=&#8221;on|desktop&#8221; global_colors_info=&#8221;{}&#8221;][et_pb_text _builder_version=&#8221;4.16&#8243; _module_preset=&#8221;default&#8221; global_colors_info=&#8221;{}&#8221;]<\/p>\n<p>Sensibilitzem la ind\u00fastria sobre la cooperaci\u00f3 publicoprivada amb projectes per l\u2019actualitzaci\u00f3 i transfer\u00e8ncia de coneixement procedent de la recerca a l\u2019empresa.<\/p>\n<p>[\/et_pb_text][et_pb_text _builder_version=&#8221;4.16&#8243; _module_preset=&#8221;default&#8221; custom_margin=&#8221;20px||||false|false&#8221; global_colors_info=&#8221;{}&#8221;]<\/p>\n<p>Creem espais de comunicaci\u00f3 entre cient\u00edfics i empreses, a trav\u00e9s del matching de l\u00ednies de recerca i interessos, en programes com ara els ajuts de Doctorats Industrials o el Programa Ind\u00fastria del Coneixement.<\/p>\n<p>Sensibilitzem la ind\u00fastria sobre la cooperaci\u00f3 publicoprivada, a trav\u00e9s de projectes col\u00b7laboratius o des del mentoratge.<\/p>\n<p>Fomentem l\u2019emprenedoria basada en l\u2019R+I.<\/p>\n<p>[\/et_pb_text][\/et_pb_column][et_pb_column type=&#8221;2_5&#8243; _builder_version=&#8221;4.16&#8243; _module_preset=&#8221;default&#8221; custom_padding=&#8221;|||15px|false|false&#8221; custom_padding_tablet=&#8221;80px|||0px|false|false&#8221; custom_padding_phone=&#8221;60px||||false|false&#8221; custom_padding_last_edited=&#8221;on|tablet&#8221; border_width_left=&#8221;1px&#8221; border_width_top_tablet=&#8221;1px&#8221; border_width_top_phone=&#8221;&#8221; border_width_top_last_edited=&#8221;on|phone&#8221; border_width_left_tablet=&#8221;0px&#8221; border_width_left_phone=&#8221;0px&#8221; border_width_left_last_edited=&#8221;on|tablet&#8221; global_colors_info=&#8221;{}&#8221;][et_pb_text _builder_version=&#8221;4.16&#8243; _module_preset=&#8221;default&#8221; custom_margin=&#8221;||||false|false&#8221; global_colors_info=&#8221;{}&#8221;]<\/p>\n<h2>Contacte<\/h2>\n<p>Susaina Figuera<br \/><a class=\"underline\" href=\"mailto:sfiguera@fcri.cat\" rel=\"alternate\">sfiguera@fcri.cat<\/a><\/p>\n<p>[\/et_pb_text][et_pb_text _builder_version=&#8221;4.16&#8243; _module_preset=&#8221;default&#8221; custom_margin=&#8221;60px||||false|false&#8221; global_colors_info=&#8221;{}&#8221;]<\/p>\n<h2>Hi col\u00b7labora<\/h2>\n<p>Apostem per la ci\u00e8ncia com a model de futur. I tu?<\/p>\n<p>Col\u00b7labora amb els nostres projectes!<\/p>\n<p>[\/et_pb_text][et_pb_button button_url=&#8221;\/la-fundacio\/collabora&#8221; button_text=&#8221;Vols saber com?&#8221; _builder_version=&#8221;4.16&#8243; _module_preset=&#8221;default&#8221; custom_margin=&#8221;23px||49px|||&#8221; custom_padding=&#8221;6px|||16px||&#8221; global_colors_info=&#8221;{}&#8221;][\/et_pb_button][et_pb_blurb title=&#8221;\u00c9s temps de fer gran la ci\u00e8ncia&#8221; url=&#8221;https:\/\/amics.fundaciorecerca.cat\/&#8221; url_new_window=&#8221;on&#8221; image=&#8221;https:\/\/fcri.cat\/wp-content\/uploads\/2021\/03\/donacions_global-banner-web.png&#8221; alt=&#8221;imatge representativa donacions fcri&#8221; icon_placement_tablet=&#8221;left&#8221; icon_placement_phone=&#8221;top&#8221; icon_placement_last_edited=&#8221;on|tablet&#8221; image_icon_width_tablet=&#8221;25vw&#8221; image_icon_width_phone=&#8221;90%&#8221; image_icon_width_last_edited=&#8221;on|tablet&#8221; admin_label=&#8221;donacions&#8221; _builder_version=&#8221;4.13.0&#8243; _module_preset=&#8221;default&#8221; header_text_color=&#8221;#7E6C68&#8243; header_font_size=&#8221;1.25em&#8221; header_line_height=&#8221;1.25em&#8221; background_color=&#8221;#eeebd7&#8243; image_icon_custom_padding_tablet=&#8221;&#8221; image_icon_custom_padding_phone=&#8221;&#8221; image_icon_custom_padding_last_edited=&#8221;on|tablet&#8221; text_orientation=&#8221;center&#8221; custom_margin=&#8221;3px||3px||true|true&#8221; custom_padding=&#8221;40px|40px|40px|40px|true|true&#8221; custom_padding_tablet=&#8221;|40px||40px|false|true&#8221; custom_padding_phone=&#8221;&#8221; custom_padding_last_edited=&#8221;on|phone&#8221; animation=&#8221;off&#8221; link_option_url=&#8221;https:\/\/donacions.fcri.cat\/&#8221; link_option_url_new_window=&#8221;on&#8221; text_orientation_tablet=&#8221;left&#8221; text_orientation_phone=&#8221;&#8221; text_orientation_last_edited=&#8221;on|tablet&#8221; border_width_all=&#8221;1px&#8221; border_color_all=&#8221;#eeebd7&#8243; border_width_all_image_tablet=&#8221;&#8221; border_width_all_image_phone=&#8221;&#8221; border_width_all_image_last_edited=&#8221;on|tablet&#8221; image_max_width_tablet=&#8221;25vw&#8221; image_max_width_phone=&#8221;90%&#8221; image_max_width_last_edited=&#8221;on|tablet&#8221; global_module=&#8221;6197&#8243; saved_tabs=&#8221;all&#8221; global_colors_info=&#8221;{}&#8221; border_color_all__hover_enabled=&#8221;on|desktop&#8221; border_color_all__hover=&#8221;#000000&#8243;]<\/p>\n<p><a class=\"donar-link\" href=\"https:\/\/amics.fundaciorecerca.cat\/\" target=\"_blank\" title=\"Fes-te Amic\/Amiga de la ci\u00e8ncia\" rel=\"noopener noreferrer\">Fes-te Amic\/Amiga de la ci\u00e8ncia<\/a><\/p>\n<p>[\/et_pb_blurb][\/et_pb_column][\/et_pb_row][\/et_pb_section]<\/p>\n","protected":false},"excerpt":{"rendered":"<p>Innovaci\u00f3Sensibilitzem la ind\u00fastria sobre la cooperaci\u00f3 publicoprivada amb projectes per l\u2019actualitzaci\u00f3 i transfer\u00e8ncia de coneixement procedent de la recerca a l\u2019empresa.Creem espais de comunicaci\u00f3 entre cient\u00edfics i empreses, a trav\u00e9s [&hellip;]<\/p>\n","protected":false},"author":6,"featured_media":0,"parent":0,"menu_order":0,"comment_status":"closed","ping_status":"closed","template":"","meta":{"_et_pb_use_builder":"on","_et_pb_old_content":"","_et_gb_content_width":"","footnotes":""},"class_list":["post-265","page","type-page","status-publish","hentry"],"yoast_head":"<!-- This site is optimized with the Yoast SEO plugin v22.9 - https:\/\/yoast.com\/wordpress\/plugins\/seo\/ -->\n<title>Cooperaci\u00f3 publicoprivada - Fundacio Recerca<\/title>\n<meta name=\"robots\" content=\"index, follow, max-snippet:-1, max-image-preview:large, max-video-preview:-1\" \/>\n<link rel=\"canonical\" href=\"https:\/\/fcri.cat\/ca\/cooperacio-publicoprivada\/\" \/>\n<meta property=\"og:locale\" content=\"ca_ES\" \/>\n<meta property=\"og:type\" content=\"article\" \/>\n<meta property=\"og:title\" content=\"Cooperaci\u00f3 publicoprivada - Fundacio Recerca\" \/>\n<meta property=\"og:description\" content=\"Innovaci\u00f3Sensibilitzem la ind\u00fastria sobre la cooperaci\u00f3 publicoprivada amb projectes per l\u2019actualitzaci\u00f3 i transfer\u00e8ncia de coneixement procedent de la recerca a l\u2019empresa.Creem espais de comunicaci\u00f3 entre cient\u00edfics i empreses, a trav\u00e9s [&hellip;]\" \/>\n<meta property=\"og:url\" content=\"https:\/\/fcri.cat\/ca\/cooperacio-publicoprivada\/\" \/>\n<meta property=\"og:site_name\" content=\"Fundacio Recerca\" \/>\n<meta property=\"article:publisher\" content=\"https:\/\/www.facebook.com\/fundaciorecerca\" \/>\n<meta property=\"article:modified_time\" content=\"2024-10-07T14:38:38+00:00\" \/>\n<meta name=\"twitter:card\" content=\"summary_large_image\" \/>\n<meta name=\"twitter:site\" content=\"@fundaciorecerca\" \/>\n<meta name=\"twitter:label1\" content=\"Temps estimat de lectura\" \/>\n\t<meta name=\"twitter:data1\" content=\"5 minuts\" \/>\n<script type=\"application\/ld+json\" class=\"yoast-schema-graph\">{\"@context\":\"https:\/\/schema.org\",\"@graph\":[{\"@type\":\"WebPage\",\"@id\":\"https:\/\/fcri.cat\/ca\/cooperacio-publicoprivada\/\",\"url\":\"https:\/\/fcri.cat\/ca\/cooperacio-publicoprivada\/\",\"name\":\"Cooperaci\u00f3 publicoprivada - Fundacio Recerca\",\"isPartOf\":{\"@id\":\"https:\/\/fcri.cat\/ca\/#website\"},\"datePublished\":\"2020-11-27T07:44:41+00:00\",\"dateModified\":\"2024-10-07T14:38:38+00:00\",\"breadcrumb\":{\"@id\":\"https:\/\/fcri.cat\/ca\/cooperacio-publicoprivada\/#breadcrumb\"},\"inLanguage\":\"ca\",\"potentialAction\":[{\"@type\":\"ReadAction\",\"target\":[\"https:\/\/fcri.cat\/ca\/cooperacio-publicoprivada\/\"]}]},{\"@type\":\"BreadcrumbList\",\"@id\":\"https:\/\/fcri.cat\/ca\/cooperacio-publicoprivada\/#breadcrumb\",\"itemListElement\":[{\"@type\":\"ListItem\",\"position\":1,\"name\":\"Inici\",\"item\":\"https:\/\/fcri.cat\/ca\/\"},{\"@type\":\"ListItem\",\"position\":2,\"name\":\"Cooperaci\u00f3 publicoprivada\"}]},{\"@type\":\"WebSite\",\"@id\":\"https:\/\/fcri.cat\/ca\/#website\",\"url\":\"https:\/\/fcri.cat\/ca\/\",\"name\":\"Fundacio Recerca\",\"description\":\"Fundaci\u00f3 Catalana per a la Recerca i la Innovaci\u00f3\",\"potentialAction\":[{\"@type\":\"SearchAction\",\"target\":{\"@type\":\"EntryPoint\",\"urlTemplate\":\"https:\/\/fcri.cat\/ca\/?s={search_term_string}\"},\"query-input\":\"required name=search_term_string\"}],\"inLanguage\":\"ca\"}]}<\/script>\n<!-- \/ Yoast SEO plugin. -->","yoast_head_json":{"title":"Cooperaci\u00f3 publicoprivada - Fundacio Recerca","robots":{"index":"index","follow":"follow","max-snippet":"max-snippet:-1","max-image-preview":"max-image-preview:large","max-video-preview":"max-video-preview:-1"},"canonical":"https:\/\/fcri.cat\/ca\/cooperacio-publicoprivada\/","og_locale":"ca_ES","og_type":"article","og_title":"Cooperaci\u00f3 publicoprivada - Fundacio Recerca","og_description":"Innovaci\u00f3Sensibilitzem la ind\u00fastria sobre la cooperaci\u00f3 publicoprivada amb projectes per l\u2019actualitzaci\u00f3 i transfer\u00e8ncia de coneixement procedent de la recerca a l\u2019empresa.Creem espais de comunicaci\u00f3 entre cient\u00edfics i empreses, a trav\u00e9s [&hellip;]","og_url":"https:\/\/fcri.cat\/ca\/cooperacio-publicoprivada\/","og_site_name":"Fundacio Recerca","article_publisher":"https:\/\/www.facebook.com\/fundaciorecerca","article_modified_time":"2024-10-07T14:38:38+00:00","twitter_card":"summary_large_image","twitter_site":"@fundaciorecerca","twitter_misc":{"Temps estimat de lectura":"5 minuts"},"schema":{"@context":"https:\/\/schema.org","@graph":[{"@type":"WebPage","@id":"https:\/\/fcri.cat\/ca\/cooperacio-publicoprivada\/","url":"https:\/\/fcri.cat\/ca\/cooperacio-publicoprivada\/","name":"Cooperaci\u00f3 publicoprivada - Fundacio Recerca","isPartOf":{"@id":"https:\/\/fcri.cat\/ca\/#website"},"datePublished":"2020-11-27T07:44:41+00:00","dateModified":"2024-10-07T14:38:38+00:00","breadcrumb":{"@id":"https:\/\/fcri.cat\/ca\/cooperacio-publicoprivada\/#breadcrumb"},"inLanguage":"ca","potentialAction":[{"@type":"ReadAction","target":["https:\/\/fcri.cat\/ca\/cooperacio-publicoprivada\/"]}]},{"@type":"BreadcrumbList","@id":"https:\/\/fcri.cat\/ca\/cooperacio-publicoprivada\/#breadcrumb","itemListElement":[{"@type":"ListItem","position":1,"name":"Inici","item":"https:\/\/fcri.cat\/ca\/"},{"@type":"ListItem","position":2,"name":"Cooperaci\u00f3 publicoprivada"}]},{"@type":"WebSite","@id":"https:\/\/fcri.cat\/ca\/#website","url":"https:\/\/fcri.cat\/ca\/","name":"Fundacio Recerca","description":"Fundaci\u00f3 Catalana per a la Recerca i la Innovaci\u00f3","potentialAction":[{"@type":"SearchAction","target":{"@type":"EntryPoint","urlTemplate":"https:\/\/fcri.cat\/ca\/?s={search_term_string}"},"query-input":"required name=search_term_string"}],"inLanguage":"ca"}]}},"_links":{"self":[{"href":"https:\/\/fcri.cat\/ca\/wp-json\/wp\/v2\/pages\/265"}],"collection":[{"href":"https:\/\/fcri.cat\/ca\/wp-json\/wp\/v2\/pages"}],"about":[{"href":"https:\/\/fcri.cat\/ca\/wp-json\/wp\/v2\/types\/page"}],"author":[{"embeddable":true,"href":"https:\/\/fcri.cat\/ca\/wp-json\/wp\/v2\/users\/6"}],"replies":[{"embeddable":true,"href":"https:\/\/fcri.cat\/ca\/wp-json\/wp\/v2\/comments?post=265"}],"version-history":[{"count":35,"href":"https:\/\/fcri.cat\/ca\/wp-json\/wp\/v2\/pages\/265\/revisions"}],"predecessor-version":[{"id":21365,"href":"https:\/\/fcri.cat\/ca\/wp-json\/wp\/v2\/pages\/265\/revisions\/21365"}],"wp:attachment":[{"href":"https:\/\/fcri.cat\/ca\/wp-json\/wp\/v2\/media?parent=265"}],"curies":[{"name":"wp","href":"https:\/\/api.w.org\/{rel}","templated":true}]}}