{"id":436,"date":"2021-01-21T21:37:35","date_gmt":"2021-01-21T20:37:35","guid":{"rendered":"http:\/\/waa.fundaciorecerca.cat\/?page_id=436"},"modified":"2021-03-15T16:38:15","modified_gmt":"2021-03-15T15:38:15","slug":"amgen-teach-edicio-2018-2019","status":"publish","type":"page","link":"https:\/\/fcri.cat\/ca\/societat-educacio\/amgen-teach\/amgen-teach-edicio-2018-2019\/","title":{"rendered":"Amgen Teach Edici\u00f3 2018\/2019"},"content":{"rendered":"<p>[et_pb_section fb_built=&#8221;1&#8243; admin_label=&#8221;Hero&#8221; _builder_version=&#8221;3.22&#8243; custom_padding=&#8221;2px|||||&#8221;][et_pb_row _builder_version=&#8221;4.7.3&#8243; _module_preset=&#8221;default&#8221; custom_padding=&#8221;60px|||||&#8221;][et_pb_column type=&#8221;4_4&#8243; _builder_version=&#8221;4.7.3&#8243; _module_preset=&#8221;default&#8221;][et_pb_text _builder_version=&#8221;4.9.1&#8243; text_font=&#8221;||||||||&#8221; text_font_size=&#8221;20px&#8221; text_line_height=&#8221;1.8em&#8221; header_font=&#8221;||||||||&#8221; header_font_size=&#8221;33px&#8221; header_line_height=&#8221;1.3em&#8221; header_2_font=&#8221;||||||||&#8221; header_3_font=&#8221;||||||||&#8221; header_4_font=&#8221;||||||||&#8221; header_5_font=&#8221;||||||||&#8221; header_6_font=&#8221;Lato|700||on|||||&#8221; header_6_text_color=&#8221;#ff6e77&#8243; header_6_line_height=&#8221;1.8em&#8221; max_width=&#8221;100%&#8221; min_height=&#8221;81px&#8221; custom_margin=&#8221;|-185px|||true|&#8221; custom_padding=&#8221;|0px|0px|||&#8221; custom_padding_phone=&#8221;|||&#8221; custom_padding_last_edited=&#8221;off|desktop&#8221; hover_enabled=&#8221;0&#8243; header_font_size_tablet=&#8221;&#8221; header_font_size_phone=&#8221;42px&#8221; header_font_size_last_edited=&#8221;on|phone&#8221; sticky_enabled=&#8221;0&#8243;]<\/p>\n<h1>Amgen Foundation Science Teachers Training Initiative ASTTI:<br \/>\u201cNoves perspectives en l&#8217;ensenyament de bioci\u00e8ncies\u201d<\/h1>\n<p>&nbsp;<\/p>\n<p>[\/et_pb_text][\/et_pb_column][\/et_pb_row][et_pb_row _builder_version=&#8221;4.7.3&#8243; _module_preset=&#8221;default&#8221; custom_padding=&#8221;0px|||||&#8221; column_structure=&#8221;3_4,1_4&#8243;][et_pb_column type=&#8221;3_4&#8243; _builder_version=&#8221;4.7.3&#8243; _module_preset=&#8221;default&#8221;][et_pb_blurb image=&#8221;https:\/\/fcri.cat\/wp-content\/uploads\/2021\/03\/CiA_Amgen_Edicio2017_FCRi_FundacioRecerca.jpg&#8221; alt=&#8221;CiA_Amgen_Edicio2017_FCRi_FundacioRecerca&#8221; content_max_width=&#8221;100%&#8221; _builder_version=&#8221;4.9.1&#8243; header_font=&#8221;Lato|700|||||||&#8221; header_text_align=&#8221;center&#8221; header_font_size=&#8221;25px&#8221; header_line_height=&#8221;1.8em&#8221; body_text_align=&#8221;center&#8221; body_font_size=&#8221;18px&#8221; width=&#8221;100%&#8221; min_height=&#8221;984px&#8221; custom_padding=&#8221;8px|29px|8px|29px|true|true&#8221; animation_style=&#8221;flip&#8221; animation_intensity_flip=&#8221;20%&#8221; animation=&#8221;off&#8221; hover_enabled=&#8221;0&#8243; border_color_all=&#8221;rgba(0,0,0,0.12)&#8221; title_text=&#8221;CiA_Amgen_Edicio2017_FCRi_FundacioRecerca&#8221; sticky_enabled=&#8221;0&#8243; border_color_right=&#8221;#000000&#8243; border_width_right=&#8221;1px&#8221;]<\/p>\n<p style=\"text-align: left;\"><span>Per cinqu\u00e8\u00a0any, l&#8217;FCRi es complau a presentar una nova edici\u00f3 del Programa Amgen Teach, programa propi de la Fundaci\u00f3 Amgen que realitza amb European Schoolnet. I ho fem amb el repte d\u2019oferir continguts nous sobre temes i metodologies que presentem per primer cop. El curs s\u2019adre\u00e7a a professors de secund\u00e0ria que ja hagin participat en alguna edici\u00f3 anterior dels cursos d\u2019Amgen. Enguany se centra en la tem\u00e0tica\u00a0<strong>\u201cNoves perspectives en l&#8217;ensenyament de bioci\u00e8ncies\u201d.<\/strong><\/span><\/p>\n<p style=\"text-align: left;\">S&#8217;ha programat un curs d&#8217;estiu que\u00a0es distribueix en 5 sessions. Totes les sessions, excepte la del divendres 12 de juliol que s\u2019impartir\u00e0 a l\u2019OpenLab del Parc Cient\u00edfic de Barcelona (C\/ Baldiri i Reixac, 4, torre R, planta 1a. Barcelona), tindran lloc a l\u2019auditori de la Fundaci\u00f3 Catalana per a la Recerca i la Innovaci\u00f3 (Pg. Llu\u00eds Companys, 23. 08010 Barcelona).<\/p>\n<p style=\"text-align: left;\"><span><a href=\"https:\/\/documents.fcri.cat\/201952145_Programa_Amgen_Teach_2019.pdf\" title=\"Programa curs d'estiu 2019\">Programa curs d&#8217;estiu 2019<\/a><\/span><\/p>\n<p style=\"text-align: left;\"><span><strong>Sessi\u00f3 I &#8211; 08\/07\/2019<\/strong><br \/><\/span><\/p>\n<p style=\"text-align: left;\"><span>Part A (1,5 h): Gen\u00e8tica i biotecnologia: fent m\u00e0gia al laboratori?<br \/>Part B (1,5 h): Dubtes freq\u00fcents del professorat a l&#8217;hora d&#8217;ensenyar Biologia.<\/span><\/p>\n<p style=\"text-align: left;\"><span>A c\u00e0rrec de Gemma Marfany,\u00a0professora titular de Gen\u00e8tica, Dept. de Gen\u00e8tica de la Universitat de Barcelona.<\/span><\/p>\n<p style=\"text-align: left;\"><span><strong>Sessi\u00f3 II &#8211; 09\/07\/2019<\/strong><\/span><\/p>\n<p style=\"text-align: left;\"><span>Part A (2 h): Com i quan fer servir els Laboratoris Virtuals i Remots per a l\u2019aprenentatge de la biologia.\u00a0A c\u00e0rrec de S\u00edlvia Zurita i Enrique Vergara, professors de secund\u00e0ria i experts en LVR<br \/>Part B (2 h):Com convertir la classe de ci\u00e8ncies en un joc.\u00a0A c\u00e0rrec d\u2019Oriol Ripoll, expert en Jocs.<br \/><\/span><\/p>\n<p style=\"text-align: left;\"><span><strong>Sessi\u00f3 III\u00a0 &#8211; 10\/07\/2019<\/strong><br \/><\/span><\/p>\n<p style=\"text-align: left;\"><span>Part A (2 h) (continuaci\u00f3): Com convertir la classe de ci\u00e8ncies en un joc. A c\u00e0rrec d\u2019Oriol Ripoll, expert en Jocs.<br \/>Part B (2 h):\u00a0Experiments senzills i atractius per a motivar els alumnes.\u00a0A c\u00e0rrec de Llu\u00eds Nadal, llicenciat en Ci\u00e8ncies Qu\u00edmiques per la UB i professor de secund\u00e0ria, i Sandra Entrena, professora de secund\u00e0ria de ci\u00e8ncies, tecnologia i matem\u00e0tiques a l&#8217;Escola Virolai.<\/span><\/p>\n<p style=\"text-align: left;\"><span><strong>Sessi\u00f3 IV\u00a0 &#8211; 11\/07\/2019<\/strong><br \/><\/span><\/p>\n<p style=\"text-align: left;\"><span>Part A (2 h) (continuaci\u00f3): Experiments senzills i atractius per a motivar els alumnes.\u00a0A c\u00e0rrec de Llu\u00eds Nadal, llicenciat en Ci\u00e8ncies Qu\u00edmiques per la UB i professor de secund\u00e0ria, i Sandra Entrena, professora de secund\u00e0ria de ci\u00e8ncies, tecnologia i matem\u00e0tiques a l&#8217;Escola Virolai.<br \/>Part B (2 h): Presentaci\u00f3 de projectes elaborats pel professorat.\u00a0Sessi\u00f3 condu\u00efda per\u00a0 S\u00edlvia Lope, bi\u00f2loga i experta en did\u00e0ctica de les ci\u00e8ncies.<\/span><\/p>\n<p style=\"text-align: left;\"><span><strong>Sessi\u00f3 V (4 h) &#8211; 12\/07\/2019<\/strong><br \/>Experiments de biologia i geologia. A c\u00e0rrec de Marcel Costa i S\u00edlvia Lope, bi\u00f2legs i experts en did\u00e0ctica de les ci\u00e8ncies.<\/span><\/p>\n<p>[\/et_pb_blurb][\/et_pb_column][et_pb_column type=&#8221;1_4&#8243; _builder_version=&#8221;4.7.3&#8243; _module_preset=&#8221;default&#8221;][et_pb_text _builder_version=&#8221;4.9.1&#8243; _module_preset=&#8221;default&#8221; border_width_bottom=&#8221;1px&#8221; border_color_bottom=&#8221;#000000&#8243; custom_padding=&#8221;||20px||false|false&#8221; hover_enabled=&#8221;0&#8243; sticky_enabled=&#8221;0&#8243;]<\/p>\n<h2>M\u00e9s informaci\u00f3<\/h2>\n<p><a href=\"mailto:blopez@fcri.cat\">blopez@fcri.cat<\/a><\/p>\n<p><a href=\"https:\/\/documents.fcri.cat\/201952145_Programa_Amgen_Teach_2019.pdf\" title=\"Guia pr\u00e0ctica del curs d'estiu 2019\">Guia pr\u00e0ctica del curs d&#8217;estiu 2019<\/a><\/p>\n<p>[\/et_pb_text][\/et_pb_column][\/et_pb_row][\/et_pb_section]<\/p>\n","protected":false},"excerpt":{"rendered":"<p>Amgen Foundation Science Teachers Training Initiative ASTTI:\u201cNoves perspectives en l&#8217;ensenyament de bioci\u00e8ncies\u201d &nbsp;Per cinqu\u00e8\u00a0any, l&#8217;FCRi es complau a presentar una nova edici\u00f3 del Programa Amgen Teach, programa propi de la [&hellip;]<\/p>\n","protected":false},"author":6,"featured_media":0,"parent":388,"menu_order":0,"comment_status":"closed","ping_status":"closed","template":"","meta":{"_et_pb_use_builder":"on","_et_pb_old_content":"","_et_gb_content_width":"","footnotes":""},"class_list":["post-436","page","type-page","status-publish","hentry"],"yoast_head":"<!-- This site is optimized with the Yoast SEO plugin v22.9 - https:\/\/yoast.com\/wordpress\/plugins\/seo\/ -->\n<title>Amgen Teach Edici\u00f3 2018\/2019 - Fundacio Recerca<\/title>\n<meta name=\"robots\" content=\"index, follow, max-snippet:-1, max-image-preview:large, max-video-preview:-1\" \/>\n<link rel=\"canonical\" href=\"https:\/\/fcri.cat\/ca\/societat-educacio\/amgen-teach\/amgen-teach-edicio-2018-2019\/\" \/>\n<meta property=\"og:locale\" content=\"ca_ES\" \/>\n<meta property=\"og:type\" content=\"article\" \/>\n<meta property=\"og:title\" content=\"Amgen Teach Edici\u00f3 2018\/2019 - Fundacio Recerca\" \/>\n<meta property=\"og:description\" content=\"Amgen Foundation Science Teachers Training Initiative ASTTI:\u201cNoves perspectives en l&#039;ensenyament de bioci\u00e8ncies\u201d &nbsp;Per cinqu\u00e8\u00a0any, l&#039;FCRi es complau a presentar una nova edici\u00f3 del Programa Amgen Teach, programa propi de la [&hellip;]\" \/>\n<meta property=\"og:url\" content=\"https:\/\/fcri.cat\/ca\/societat-educacio\/amgen-teach\/amgen-teach-edicio-2018-2019\/\" \/>\n<meta property=\"og:site_name\" content=\"Fundacio Recerca\" \/>\n<meta property=\"article:publisher\" content=\"https:\/\/www.facebook.com\/fundaciorecerca\" \/>\n<meta property=\"article:modified_time\" content=\"2021-03-15T15:38:15+00:00\" \/>\n<meta name=\"twitter:card\" content=\"summary_large_image\" \/>\n<meta name=\"twitter:site\" content=\"@fundaciorecerca\" \/>\n<meta name=\"twitter:label1\" content=\"Temps estimat de lectura\" \/>\n\t<meta name=\"twitter:data1\" content=\"2 minuts\" \/>\n<script type=\"application\/ld+json\" class=\"yoast-schema-graph\">{\"@context\":\"https:\/\/schema.org\",\"@graph\":[{\"@type\":\"WebPage\",\"@id\":\"https:\/\/fcri.cat\/ca\/societat-educacio\/amgen-teach\/amgen-teach-edicio-2018-2019\/\",\"url\":\"https:\/\/fcri.cat\/ca\/societat-educacio\/amgen-teach\/amgen-teach-edicio-2018-2019\/\",\"name\":\"Amgen Teach Edici\u00f3 2018\/2019 - Fundacio Recerca\",\"isPartOf\":{\"@id\":\"https:\/\/fcri.cat\/ca\/#website\"},\"datePublished\":\"2021-01-21T20:37:35+00:00\",\"dateModified\":\"2021-03-15T15:38:15+00:00\",\"breadcrumb\":{\"@id\":\"https:\/\/fcri.cat\/ca\/societat-educacio\/amgen-teach\/amgen-teach-edicio-2018-2019\/#breadcrumb\"},\"inLanguage\":\"ca\",\"potentialAction\":[{\"@type\":\"ReadAction\",\"target\":[\"https:\/\/fcri.cat\/ca\/societat-educacio\/amgen-teach\/amgen-teach-edicio-2018-2019\/\"]}]},{\"@type\":\"BreadcrumbList\",\"@id\":\"https:\/\/fcri.cat\/ca\/societat-educacio\/amgen-teach\/amgen-teach-edicio-2018-2019\/#breadcrumb\",\"itemListElement\":[{\"@type\":\"ListItem\",\"position\":1,\"name\":\"Inici\",\"item\":\"https:\/\/fcri.cat\/ca\/\"},{\"@type\":\"ListItem\",\"position\":2,\"name\":\"Societat i educaci\u00f3\",\"item\":\"https:\/\/fcri.cat\/ca\/societat-educacio\/\"},{\"@type\":\"ListItem\",\"position\":3,\"name\":\"Amgen Teach\",\"item\":\"https:\/\/fcri.cat\/ca\/?page_id=388\"},{\"@type\":\"ListItem\",\"position\":4,\"name\":\"Amgen Teach Edici\u00f3 2018\/2019\"}]},{\"@type\":\"WebSite\",\"@id\":\"https:\/\/fcri.cat\/ca\/#website\",\"url\":\"https:\/\/fcri.cat\/ca\/\",\"name\":\"Fundacio Recerca\",\"description\":\"Fundaci\u00f3 Catalana per a la Recerca i la Innovaci\u00f3\",\"potentialAction\":[{\"@type\":\"SearchAction\",\"target\":{\"@type\":\"EntryPoint\",\"urlTemplate\":\"https:\/\/fcri.cat\/ca\/?s={search_term_string}\"},\"query-input\":\"required name=search_term_string\"}],\"inLanguage\":\"ca\"}]}<\/script>\n<!-- \/ Yoast SEO plugin. -->","yoast_head_json":{"title":"Amgen Teach Edici\u00f3 2018\/2019 - Fundacio Recerca","robots":{"index":"index","follow":"follow","max-snippet":"max-snippet:-1","max-image-preview":"max-image-preview:large","max-video-preview":"max-video-preview:-1"},"canonical":"https:\/\/fcri.cat\/ca\/societat-educacio\/amgen-teach\/amgen-teach-edicio-2018-2019\/","og_locale":"ca_ES","og_type":"article","og_title":"Amgen Teach Edici\u00f3 2018\/2019 - Fundacio Recerca","og_description":"Amgen Foundation Science Teachers Training Initiative ASTTI:\u201cNoves perspectives en l'ensenyament de bioci\u00e8ncies\u201d &nbsp;Per cinqu\u00e8\u00a0any, l'FCRi es complau a presentar una nova edici\u00f3 del Programa Amgen Teach, programa propi de la [&hellip;]","og_url":"https:\/\/fcri.cat\/ca\/societat-educacio\/amgen-teach\/amgen-teach-edicio-2018-2019\/","og_site_name":"Fundacio Recerca","article_publisher":"https:\/\/www.facebook.com\/fundaciorecerca","article_modified_time":"2021-03-15T15:38:15+00:00","twitter_card":"summary_large_image","twitter_site":"@fundaciorecerca","twitter_misc":{"Temps estimat de lectura":"2 minuts"},"schema":{"@context":"https:\/\/schema.org","@graph":[{"@type":"WebPage","@id":"https:\/\/fcri.cat\/ca\/societat-educacio\/amgen-teach\/amgen-teach-edicio-2018-2019\/","url":"https:\/\/fcri.cat\/ca\/societat-educacio\/amgen-teach\/amgen-teach-edicio-2018-2019\/","name":"Amgen Teach Edici\u00f3 2018\/2019 - Fundacio Recerca","isPartOf":{"@id":"https:\/\/fcri.cat\/ca\/#website"},"datePublished":"2021-01-21T20:37:35+00:00","dateModified":"2021-03-15T15:38:15+00:00","breadcrumb":{"@id":"https:\/\/fcri.cat\/ca\/societat-educacio\/amgen-teach\/amgen-teach-edicio-2018-2019\/#breadcrumb"},"inLanguage":"ca","potentialAction":[{"@type":"ReadAction","target":["https:\/\/fcri.cat\/ca\/societat-educacio\/amgen-teach\/amgen-teach-edicio-2018-2019\/"]}]},{"@type":"BreadcrumbList","@id":"https:\/\/fcri.cat\/ca\/societat-educacio\/amgen-teach\/amgen-teach-edicio-2018-2019\/#breadcrumb","itemListElement":[{"@type":"ListItem","position":1,"name":"Inici","item":"https:\/\/fcri.cat\/ca\/"},{"@type":"ListItem","position":2,"name":"Societat i educaci\u00f3","item":"https:\/\/fcri.cat\/ca\/societat-educacio\/"},{"@type":"ListItem","position":3,"name":"Amgen Teach","item":"https:\/\/fcri.cat\/ca\/?page_id=388"},{"@type":"ListItem","position":4,"name":"Amgen Teach Edici\u00f3 2018\/2019"}]},{"@type":"WebSite","@id":"https:\/\/fcri.cat\/ca\/#website","url":"https:\/\/fcri.cat\/ca\/","name":"Fundacio Recerca","description":"Fundaci\u00f3 Catalana per a la Recerca i la Innovaci\u00f3","potentialAction":[{"@type":"SearchAction","target":{"@type":"EntryPoint","urlTemplate":"https:\/\/fcri.cat\/ca\/?s={search_term_string}"},"query-input":"required name=search_term_string"}],"inLanguage":"ca"}]}},"_links":{"self":[{"href":"https:\/\/fcri.cat\/ca\/wp-json\/wp\/v2\/pages\/436"}],"collection":[{"href":"https:\/\/fcri.cat\/ca\/wp-json\/wp\/v2\/pages"}],"about":[{"href":"https:\/\/fcri.cat\/ca\/wp-json\/wp\/v2\/types\/page"}],"author":[{"embeddable":true,"href":"https:\/\/fcri.cat\/ca\/wp-json\/wp\/v2\/users\/6"}],"replies":[{"embeddable":true,"href":"https:\/\/fcri.cat\/ca\/wp-json\/wp\/v2\/comments?post=436"}],"version-history":[{"count":8,"href":"https:\/\/fcri.cat\/ca\/wp-json\/wp\/v2\/pages\/436\/revisions"}],"predecessor-version":[{"id":6489,"href":"https:\/\/fcri.cat\/ca\/wp-json\/wp\/v2\/pages\/436\/revisions\/6489"}],"up":[{"embeddable":true,"href":"https:\/\/fcri.cat\/ca\/wp-json\/wp\/v2\/pages\/388"}],"wp:attachment":[{"href":"https:\/\/fcri.cat\/ca\/wp-json\/wp\/v2\/media?parent=436"}],"curies":[{"name":"wp","href":"https:\/\/api.w.org\/{rel}","templated":true}]}}