{"id":509,"date":"2021-01-22T11:27:14","date_gmt":"2021-01-22T11:27:14","guid":{"rendered":"http:\/\/waa.fundaciorecerca.cat\/?page_id=509"},"modified":"2024-07-01T09:05:42","modified_gmt":"2024-07-01T08:05:42","slug":"surt-de-recerca-per-catalunya","status":"publish","type":"page","link":"https:\/\/fcri.cat\/ca\/academia\/surt-de-recerca-per-catalunya\/","title":{"rendered":"Surt de Recerca per Catalunya"},"content":{"rendered":"<p>[et_pb_section fb_built=&#8221;1&#8243; admin_label=&#8221;Hero&#8221; _builder_version=&#8221;4.16&#8243; custom_padding=&#8221;2px|||||&#8221; da_disable_devices=&#8221;off|off|off&#8221; locked=&#8221;off&#8221; global_colors_info=&#8221;{}&#8221; theme_builder_area=&#8221;post_content&#8221; da_is_popup=&#8221;off&#8221; da_exit_intent=&#8221;off&#8221; da_has_close=&#8221;on&#8221; da_alt_close=&#8221;off&#8221; da_dark_close=&#8221;off&#8221; da_not_modal=&#8221;on&#8221; da_is_singular=&#8221;off&#8221; da_with_loader=&#8221;off&#8221; da_has_shadow=&#8221;on&#8221;][et_pb_row module_class=&#8221;mj-section-logo-projec&#8221; _builder_version=&#8221;4.25.2&#8243; _module_preset=&#8221;default&#8221; background_color=&#8221;RGBA(255,255,255,0)&#8221; width=&#8221;100%&#8221; width_tablet=&#8221;&#8221; width_phone=&#8221;&#8221; width_last_edited=&#8221;on|phone&#8221; min_height=&#8221;174px&#8221; custom_margin=&#8221;|auto|-3px|auto||&#8221; custom_padding=&#8221;||0px||false|false&#8221; global_colors_info=&#8221;{}&#8221; theme_builder_area=&#8221;post_content&#8221;][et_pb_column type=&#8221;4_4&#8243; _builder_version=&#8221;4.24.1&#8243; _module_preset=&#8221;default&#8221; background_color=&#8221;RGBA(255,255,255,0)&#8221; global_colors_info=&#8221;{}&#8221; theme_builder_area=&#8221;post_content&#8221;][et_pb_image src=&#8221;https:\/\/fcri.cat\/wp-content\/uploads\/2021\/03\/SDR-logo-e1719734374929.png&#8221; alt=&#8221;Imatge representativa, logo del Surt de Recerca&#8221; title_text=&#8221;SDR-logo&#8221; align=&#8221;right&#8221; _builder_version=&#8221;4.25.2&#8243; _module_preset=&#8221;default&#8221; background_color=&#8221;#FFFFFF&#8221; width=&#8221;250px&#8221; width_tablet=&#8221;200px&#8221; width_phone=&#8221;150px&#8221; width_last_edited=&#8221;on|desktop&#8221; module_alignment=&#8221;right&#8221; height=&#8221;250px&#8221; height_tablet=&#8221;200px&#8221; height_phone=&#8221;150px&#8221; height_last_edited=&#8221;on|tablet&#8221; custom_margin=&#8221;||||false|false&#8221; custom_margin_tablet=&#8221;20px||||false|false&#8221; custom_margin_phone=&#8221;60px||||false|false&#8221; custom_margin_last_edited=&#8221;on|desktop&#8221; custom_padding=&#8221;|||3px||&#8221; background_last_edited=&#8221;on|phone&#8221; box_shadow_style=&#8221;preset1&#8243; global_colors_info=&#8221;{}&#8221; theme_builder_area=&#8221;post_content&#8221;][\/et_pb_image][\/et_pb_column][\/et_pb_row][et_pb_row _builder_version=&#8221;4.25.2&#8243; _module_preset=&#8221;default&#8221; width=&#8221;100%&#8221; width_tablet=&#8221;100%&#8221; width_phone=&#8221;100%&#8221; width_last_edited=&#8221;on|phone&#8221; locked=&#8221;off&#8221; global_colors_info=&#8221;{}&#8221; theme_builder_area=&#8221;post_content&#8221;][et_pb_column type=&#8221;4_4&#8243; _builder_version=&#8221;4.16&#8243; _module_preset=&#8221;default&#8221; custom_padding=&#8221;|50px|||false|false&#8221; custom_padding_tablet=&#8221;|0px|40px||false|false&#8221; custom_padding_phone=&#8221;||40px||false|false&#8221; custom_padding_last_edited=&#8221;on|desktop&#8221; global_colors_info=&#8221;{}&#8221; theme_builder_area=&#8221;post_content&#8221;][et_pb_text _builder_version=&#8221;4.16&#8243; _module_preset=&#8221;default&#8221; global_colors_info=&#8221;{}&#8221; theme_builder_area=&#8221;post_content&#8221;]<\/p>\n<p>Surtderecercapercatalunya.cat respon al repte de l\u2019FCRI d\u2019augmentar l\u2019inter\u00e8s social per la ci\u00e8ncia i la tecnologia, construint una percepci\u00f3 de la recerca cient\u00edfica com a clau i model d\u2019\u00e8xit per al progr\u00e9s econ\u00f2mic i el benestar de Catalunya. El portal t\u00e9 un doble objectiu: d\u2019una banda, apropar i fer accessible la ci\u00e8ncia a tothom, especialment al p\u00fablic familiar; i, de l\u2019altra, despertar futures vocacions cient\u00edfiques entre els joves.\u00a0<\/p>\n<p>[\/et_pb_text][et_pb_text _builder_version=&#8221;4.16&#8243; _module_preset=&#8221;default&#8221; custom_margin=&#8221;20px||||false|false&#8221; global_colors_info=&#8221;{}&#8221; theme_builder_area=&#8221;post_content&#8221;]<\/p>\n<p>L\u2019FCRI vol promoure el coneixement de la ci\u00e8ncia com una activitat de lleure per tal de posar en valor la recerca que es fa al nostre pa\u00eds.<\/p>\n<p>[\/et_pb_text][et_pb_text _builder_version=&#8221;4.16&#8243; _module_preset=&#8221;default&#8221; custom_margin=&#8221;20px||||false|false&#8221; global_colors_info=&#8221;{}&#8221; theme_builder_area=&#8221;post_content&#8221;]<\/p>\n<p>surtderecercapercatalunya.cat tamb\u00e9 ofereix les diverses activitats a trav\u00e9s del compte Twitter @surtderecerca i a la p\u00e0gina de Facebook Surt de Recerca.<\/p>\n<p>[\/et_pb_text][et_pb_text _builder_version=&#8221;4.25.2&#8243; _module_preset=&#8221;default&#8221; text_font=&#8221;||||||||&#8221; text_text_color=&#8221;#e09900&#8243; text_font_size=&#8221;18px&#8221; text_line_height=&#8221;1.8em&#8221; module_alignment=&#8221;right&#8221; custom_margin=&#8221;||||false|false&#8221; custom_padding=&#8221;||||false|false&#8221; border_color_left=&#8221;#AFA44C&#8221; global_colors_info=&#8221;{}&#8221; theme_builder_area=&#8221;post_content&#8221;]<a target=\"_blank\" href=\"https:\/\/www.surtderecercapercatalunya.cat\/\" title=\"Web Surt de Recerca per Catalunya\" rel=\"noopener noreferrer\">Web Surt de Recerca per Catalunya<\/a><\/p>\n<p><span style=\"color: #000000;\">Imatge gr\u00e0fica del projecte\u00a0<\/span><\/p>\n<p><a download=\"\" href=\"\/wp-content\/uploads\/2021\/05\/SDR.eps\" class=\"underline\" title=\"Descarregar arxiu en format EPS\">Descarregar EPS<\/a><br \/>\n<a download=\"\" href=\"\/wp-content\/uploads\/2021\/05\/SDR.png\" class=\"underline\" title=\"Descarregar arxiu en format PNG\">Descarregar PNG<\/a><br \/>\n<a download=\"\" href=\"\/wp-content\/uploads\/2021\/05\/SDR.jpg\" class=\"underline\" title=\"Descarregar arxiu en format JPG\">Descarregar JPG<\/a>[\/et_pb_text][et_pb_text _builder_version=&#8221;4.16&#8243; _module_preset=&#8221;default&#8221; global_colors_info=&#8221;{}&#8221; theme_builder_area=&#8221;post_content&#8221;]<\/p>\n<h2>Contacte<\/h2>\n<p>Meritxell Plana<br \/><a class=\"underline\" href=\"mailto:mplana@fcri.cat\" rel=\"alternate\">mplana@fcri.cat<\/a><\/p>\n<p>[\/et_pb_text][et_pb_text _builder_version=&#8221;4.16&#8243; _module_preset=&#8221;default&#8221; header_3_font_size=&#8221;23px&#8221; global_colors_info=&#8221;{}&#8221; theme_builder_area=&#8221;post_content&#8221;]<\/p>\n<h3>Hi col\u00b7labora<\/h3>\n<p>Apostem per la ci\u00e8ncia com a model de futur. I tu?<\/p>\n<p>Col\u00b7labora amb els nostres projectes!<\/p>\n<p>[\/et_pb_text][et_pb_button button_url=&#8221;\/la-fundacio\/collabora&#8221; button_text=&#8221;Vols saber com?&#8221; _builder_version=&#8221;4.16&#8243; _module_preset=&#8221;default&#8221; custom_margin=&#8221;23px||49px|||&#8221; custom_padding=&#8221;6px|||16px||&#8221; global_colors_info=&#8221;{}&#8221; theme_builder_area=&#8221;post_content&#8221;][\/et_pb_button][\/et_pb_column][\/et_pb_row][\/et_pb_section]<\/p>\n","protected":false},"excerpt":{"rendered":"<p>Surtderecercapercatalunya.cat respon al repte de l\u2019FCRI d\u2019augmentar l\u2019inter\u00e8s social per la ci\u00e8ncia i la tecnologia, construint una percepci\u00f3 de la recerca cient\u00edfica com a clau i model d\u2019\u00e8xit per al [&hellip;]<\/p>\n","protected":false},"author":6,"featured_media":2221,"parent":309,"menu_order":0,"comment_status":"closed","ping_status":"closed","template":"","meta":{"_et_pb_use_builder":"on","_et_pb_old_content":"","_et_gb_content_width":"","footnotes":""},"class_list":["post-509","page","type-page","status-publish","has-post-thumbnail","hentry"],"yoast_head":"<!-- This site is optimized with the Yoast SEO plugin v22.9 - https:\/\/yoast.com\/wordpress\/plugins\/seo\/ -->\n<title>Surt de Recerca per Catalunya - Fundacio Recerca<\/title>\n<meta name=\"robots\" content=\"index, follow, max-snippet:-1, max-image-preview:large, max-video-preview:-1\" \/>\n<link rel=\"canonical\" href=\"https:\/\/fcri.cat\/ca\/academia\/surt-de-recerca-per-catalunya\/\" \/>\n<meta property=\"og:locale\" content=\"ca_ES\" \/>\n<meta property=\"og:type\" content=\"article\" \/>\n<meta property=\"og:title\" content=\"Surt de Recerca per Catalunya - Fundacio Recerca\" \/>\n<meta property=\"og:description\" content=\"Surtderecercapercatalunya.cat respon al repte de l\u2019FCRI d\u2019augmentar l\u2019inter\u00e8s social per la ci\u00e8ncia i la tecnologia, construint una percepci\u00f3 de la recerca cient\u00edfica com a clau i model d\u2019\u00e8xit per al [&hellip;]\" \/>\n<meta property=\"og:url\" content=\"https:\/\/fcri.cat\/ca\/academia\/surt-de-recerca-per-catalunya\/\" \/>\n<meta property=\"og:site_name\" content=\"Fundacio Recerca\" \/>\n<meta property=\"article:publisher\" content=\"https:\/\/www.facebook.com\/fundaciorecerca\" \/>\n<meta property=\"article:modified_time\" content=\"2024-07-01T08:05:42+00:00\" \/>\n<meta property=\"og:image\" content=\"https:\/\/fcri.cat\/wp-content\/uploads\/2019\/09\/images_sala-de-premsa_2019_20190919_surtderecerca_full_fcri-e1719734170218.jpg\" \/>\n\t<meta property=\"og:image:width\" content=\"960\" \/>\n\t<meta property=\"og:image:height\" content=\"436\" \/>\n\t<meta property=\"og:image:type\" content=\"image\/jpeg\" \/>\n<meta name=\"twitter:card\" content=\"summary_large_image\" \/>\n<meta name=\"twitter:site\" content=\"@fundaciorecerca\" \/>\n<meta name=\"twitter:label1\" content=\"Temps estimat de lectura\" \/>\n\t<meta name=\"twitter:data1\" content=\"1 minut\" \/>\n<script type=\"application\/ld+json\" class=\"yoast-schema-graph\">{\"@context\":\"https:\/\/schema.org\",\"@graph\":[{\"@type\":\"WebPage\",\"@id\":\"https:\/\/fcri.cat\/ca\/academia\/surt-de-recerca-per-catalunya\/\",\"url\":\"https:\/\/fcri.cat\/ca\/academia\/surt-de-recerca-per-catalunya\/\",\"name\":\"Surt de Recerca per Catalunya - Fundacio Recerca\",\"isPartOf\":{\"@id\":\"https:\/\/fcri.cat\/ca\/#website\"},\"primaryImageOfPage\":{\"@id\":\"https:\/\/fcri.cat\/ca\/academia\/surt-de-recerca-per-catalunya\/#primaryimage\"},\"image\":{\"@id\":\"https:\/\/fcri.cat\/ca\/academia\/surt-de-recerca-per-catalunya\/#primaryimage\"},\"thumbnailUrl\":\"https:\/\/fcri.cat\/wp-content\/uploads\/2019\/09\/images_sala-de-premsa_2019_20190919_surtderecerca_full_fcri-e1719734170218.jpg?wsr\",\"datePublished\":\"2021-01-22T11:27:14+00:00\",\"dateModified\":\"2024-07-01T08:05:42+00:00\",\"breadcrumb\":{\"@id\":\"https:\/\/fcri.cat\/ca\/academia\/surt-de-recerca-per-catalunya\/#breadcrumb\"},\"inLanguage\":\"ca\",\"potentialAction\":[{\"@type\":\"ReadAction\",\"target\":[\"https:\/\/fcri.cat\/ca\/academia\/surt-de-recerca-per-catalunya\/\"]}]},{\"@type\":\"ImageObject\",\"inLanguage\":\"ca\",\"@id\":\"https:\/\/fcri.cat\/ca\/academia\/surt-de-recerca-per-catalunya\/#primaryimage\",\"url\":\"https:\/\/fcri.cat\/wp-content\/uploads\/2019\/09\/images_sala-de-premsa_2019_20190919_surtderecerca_full_fcri-e1719734170218.jpg?wsr\",\"contentUrl\":\"https:\/\/fcri.cat\/wp-content\/uploads\/2019\/09\/images_sala-de-premsa_2019_20190919_surtderecerca_full_fcri-e1719734170218.jpg?wsr\",\"width\":960,\"height\":436},{\"@type\":\"BreadcrumbList\",\"@id\":\"https:\/\/fcri.cat\/ca\/academia\/surt-de-recerca-per-catalunya\/#breadcrumb\",\"itemListElement\":[{\"@type\":\"ListItem\",\"position\":1,\"name\":\"Inici\",\"item\":\"https:\/\/fcri.cat\/ca\/\"},{\"@type\":\"ListItem\",\"position\":2,\"name\":\"Acad\u00e8mia\",\"item\":\"https:\/\/fcri.cat\/ca\/academia\/\"},{\"@type\":\"ListItem\",\"position\":3,\"name\":\"Surt de Recerca per Catalunya\"}]},{\"@type\":\"WebSite\",\"@id\":\"https:\/\/fcri.cat\/ca\/#website\",\"url\":\"https:\/\/fcri.cat\/ca\/\",\"name\":\"Fundacio Recerca\",\"description\":\"Fundaci\u00f3 Catalana per a la Recerca i la Innovaci\u00f3\",\"potentialAction\":[{\"@type\":\"SearchAction\",\"target\":{\"@type\":\"EntryPoint\",\"urlTemplate\":\"https:\/\/fcri.cat\/ca\/?s={search_term_string}\"},\"query-input\":\"required name=search_term_string\"}],\"inLanguage\":\"ca\"}]}<\/script>\n<!-- \/ Yoast SEO plugin. -->","yoast_head_json":{"title":"Surt de Recerca per Catalunya - Fundacio Recerca","robots":{"index":"index","follow":"follow","max-snippet":"max-snippet:-1","max-image-preview":"max-image-preview:large","max-video-preview":"max-video-preview:-1"},"canonical":"https:\/\/fcri.cat\/ca\/academia\/surt-de-recerca-per-catalunya\/","og_locale":"ca_ES","og_type":"article","og_title":"Surt de Recerca per Catalunya - Fundacio Recerca","og_description":"Surtderecercapercatalunya.cat respon al repte de l\u2019FCRI d\u2019augmentar l\u2019inter\u00e8s social per la ci\u00e8ncia i la tecnologia, construint una percepci\u00f3 de la recerca cient\u00edfica com a clau i model d\u2019\u00e8xit per al [&hellip;]","og_url":"https:\/\/fcri.cat\/ca\/academia\/surt-de-recerca-per-catalunya\/","og_site_name":"Fundacio Recerca","article_publisher":"https:\/\/www.facebook.com\/fundaciorecerca","article_modified_time":"2024-07-01T08:05:42+00:00","og_image":[{"width":960,"height":436,"url":"https:\/\/fcri.cat\/wp-content\/uploads\/2019\/09\/images_sala-de-premsa_2019_20190919_surtderecerca_full_fcri-e1719734170218.jpg","type":"image\/jpeg"}],"twitter_card":"summary_large_image","twitter_site":"@fundaciorecerca","twitter_misc":{"Temps estimat de lectura":"1 minut"},"schema":{"@context":"https:\/\/schema.org","@graph":[{"@type":"WebPage","@id":"https:\/\/fcri.cat\/ca\/academia\/surt-de-recerca-per-catalunya\/","url":"https:\/\/fcri.cat\/ca\/academia\/surt-de-recerca-per-catalunya\/","name":"Surt de Recerca per Catalunya - Fundacio Recerca","isPartOf":{"@id":"https:\/\/fcri.cat\/ca\/#website"},"primaryImageOfPage":{"@id":"https:\/\/fcri.cat\/ca\/academia\/surt-de-recerca-per-catalunya\/#primaryimage"},"image":{"@id":"https:\/\/fcri.cat\/ca\/academia\/surt-de-recerca-per-catalunya\/#primaryimage"},"thumbnailUrl":"https:\/\/fcri.cat\/wp-content\/uploads\/2019\/09\/images_sala-de-premsa_2019_20190919_surtderecerca_full_fcri-e1719734170218.jpg?wsr","datePublished":"2021-01-22T11:27:14+00:00","dateModified":"2024-07-01T08:05:42+00:00","breadcrumb":{"@id":"https:\/\/fcri.cat\/ca\/academia\/surt-de-recerca-per-catalunya\/#breadcrumb"},"inLanguage":"ca","potentialAction":[{"@type":"ReadAction","target":["https:\/\/fcri.cat\/ca\/academia\/surt-de-recerca-per-catalunya\/"]}]},{"@type":"ImageObject","inLanguage":"ca","@id":"https:\/\/fcri.cat\/ca\/academia\/surt-de-recerca-per-catalunya\/#primaryimage","url":"https:\/\/fcri.cat\/wp-content\/uploads\/2019\/09\/images_sala-de-premsa_2019_20190919_surtderecerca_full_fcri-e1719734170218.jpg?wsr","contentUrl":"https:\/\/fcri.cat\/wp-content\/uploads\/2019\/09\/images_sala-de-premsa_2019_20190919_surtderecerca_full_fcri-e1719734170218.jpg?wsr","width":960,"height":436},{"@type":"BreadcrumbList","@id":"https:\/\/fcri.cat\/ca\/academia\/surt-de-recerca-per-catalunya\/#breadcrumb","itemListElement":[{"@type":"ListItem","position":1,"name":"Inici","item":"https:\/\/fcri.cat\/ca\/"},{"@type":"ListItem","position":2,"name":"Acad\u00e8mia","item":"https:\/\/fcri.cat\/ca\/academia\/"},{"@type":"ListItem","position":3,"name":"Surt de Recerca per Catalunya"}]},{"@type":"WebSite","@id":"https:\/\/fcri.cat\/ca\/#website","url":"https:\/\/fcri.cat\/ca\/","name":"Fundacio Recerca","description":"Fundaci\u00f3 Catalana per a la Recerca i la Innovaci\u00f3","potentialAction":[{"@type":"SearchAction","target":{"@type":"EntryPoint","urlTemplate":"https:\/\/fcri.cat\/ca\/?s={search_term_string}"},"query-input":"required name=search_term_string"}],"inLanguage":"ca"}]}},"_links":{"self":[{"href":"https:\/\/fcri.cat\/ca\/wp-json\/wp\/v2\/pages\/509"}],"collection":[{"href":"https:\/\/fcri.cat\/ca\/wp-json\/wp\/v2\/pages"}],"about":[{"href":"https:\/\/fcri.cat\/ca\/wp-json\/wp\/v2\/types\/page"}],"author":[{"embeddable":true,"href":"https:\/\/fcri.cat\/ca\/wp-json\/wp\/v2\/users\/6"}],"replies":[{"embeddable":true,"href":"https:\/\/fcri.cat\/ca\/wp-json\/wp\/v2\/comments?post=509"}],"version-history":[{"count":33,"href":"https:\/\/fcri.cat\/ca\/wp-json\/wp\/v2\/pages\/509\/revisions"}],"predecessor-version":[{"id":19423,"href":"https:\/\/fcri.cat\/ca\/wp-json\/wp\/v2\/pages\/509\/revisions\/19423"}],"up":[{"embeddable":true,"href":"https:\/\/fcri.cat\/ca\/wp-json\/wp\/v2\/pages\/309"}],"wp:featuredmedia":[{"embeddable":true,"href":"https:\/\/fcri.cat\/ca\/wp-json\/wp\/v2\/media\/2221"}],"wp:attachment":[{"href":"https:\/\/fcri.cat\/ca\/wp-json\/wp\/v2\/media?parent=509"}],"curies":[{"name":"wp","href":"https:\/\/api.w.org\/{rel}","templated":true}]}}