{"id":10385,"date":"2021-11-15T10:44:08","date_gmt":"2021-11-15T09:44:08","guid":{"rendered":"https:\/\/fundaciorecerca.cat\/?post_type=tribe_events&#038;p=10385"},"modified":"2021-12-02T12:34:25","modified_gmt":"2021-12-02T11:34:25","slug":"final-3a-edicio-del-concurs-els-monolegs-del-club-de-la-ciencia","status":"publish","type":"tribe_events","link":"https:\/\/fcri.cat\/ca\/agenda\/final-3a-edicio-del-concurs-els-monolegs-del-club-de-la-ciencia\/","title":{"rendered":"Final 3a edici\u00f3 del Concurs &#8220;Els Mon\u00f2legs del Club de la Ci\u00e8ncia&#8221;"},"content":{"rendered":"<p>Un altre dels actes centrals de la 26a Setmana de la Ci\u00e8ncia a Catalunya (SC\u201921), organitzat per l\u2019FCRI amb l\u2019objectiu de fomentar nous formats de disseminaci\u00f3 cient\u00edfica en catal\u00e0, ser\u00e0 la final de la tercera edici\u00f3 del concurs \u201cEls Mon\u00f2legs del Club de la Ci\u00e8ncia\u201d, que es portar\u00e0 a terme presencialment <strong>el 19 de novembre a les 17.00 h (Casal de Barri Transformadors de Barcelona, C\/Ausi\u00e0s Marc, 60)<\/strong>.<\/p>\n<p>Coordinada per monologuistes cient\u00edfics professionals de Big Van Ciencia, la iniciativa vol promoure una comunicaci\u00f3 de la ci\u00e8ncia \u00e0gil i entenedora, mitjan\u00e7ant mon\u00f2legs cientificotecnol\u00f2gics de 3 minuts de durada, fets per estudiants i professionals del sector.<\/p>\n<p>La final ser\u00e0 protagonitzada per 8 aspirants: Javier Arg\u00fcello Luengo, Sandra Baiges Carrasco, Daniel Beltr\u00e1n Anad\u00f3n, Ainoa G\u00f3mez Bald\u00f3n, Jorge Nicol\u00e1s \u00c1lvarez, Jordi Ram\u00edrez Tod\u00f3, Patricia Rodrigo Zamora i Marta Vall\u00e8s Fusta.<\/p>\n<p><strong>Inscriu-te per assistir com a p\u00fablic<\/strong> <a href=\"https:\/\/setmanaciencia.fundaciorecerca.cat\/public_monolegs\/\"><strong>aqu\u00ed<\/strong><\/a>. L&#8217;aforament \u00e9s limitat.<\/p>\n","protected":false},"excerpt":{"rendered":"<p>Un altre dels actes centrals de la 26a Setmana de la Ci\u00e8ncia a Catalunya (SC\u201921), organitzat per l\u2019FCRI amb l\u2019objectiu de fomentar nous formats de disseminaci\u00f3 cient\u00edfica en catal\u00e0, ser\u00e0 [&hellip;]<\/p>\n","protected":false},"author":3,"featured_media":0,"comment_status":"open","ping_status":"closed","template":"","meta":{"_et_pb_use_builder":"","_et_pb_old_content":"","_et_gb_content_width":"","_tribe_events_status":"","_tribe_events_status_reason":"","footnotes":""},"tags":[],"tribe_events_cat":[93,96],"class_list":["post-10385","tribe_events","type-tribe_events","status-publish","hentry","tribe_events_cat-agenda","tribe_events_cat-ciencia-i-ciutadania-agenda","cat_agenda","cat_ciencia-i-ciutadania-agenda"],"yoast_head":"<!-- This site is optimized with the Yoast SEO plugin v22.9 - https:\/\/yoast.com\/wordpress\/plugins\/seo\/ -->\n<title>Final 3a edici\u00f3 del Concurs &quot;Els Mon\u00f2legs del Club de la Ci\u00e8ncia&quot; - Fundacio Recerca<\/title>\n<meta name=\"robots\" content=\"index, follow, max-snippet:-1, max-image-preview:large, max-video-preview:-1\" \/>\n<link rel=\"canonical\" href=\"https:\/\/fcri.cat\/ca\/agenda\/final-3a-edicio-del-concurs-els-monolegs-del-club-de-la-ciencia\/\" \/>\n<meta property=\"og:locale\" content=\"ca_ES\" \/>\n<meta property=\"og:type\" content=\"article\" \/>\n<meta property=\"og:title\" content=\"Final 3a edici\u00f3 del Concurs &quot;Els Mon\u00f2legs del Club de la Ci\u00e8ncia&quot; - Fundacio Recerca\" \/>\n<meta property=\"og:description\" content=\"Un altre dels actes centrals de la 26a Setmana de la Ci\u00e8ncia a Catalunya (SC\u201921), organitzat per l\u2019FCRI amb l\u2019objectiu de fomentar nous formats de disseminaci\u00f3 cient\u00edfica en catal\u00e0, ser\u00e0 [&hellip;]\" \/>\n<meta property=\"og:url\" content=\"https:\/\/fcri.cat\/ca\/agenda\/final-3a-edicio-del-concurs-els-monolegs-del-club-de-la-ciencia\/\" \/>\n<meta property=\"og:site_name\" content=\"Fundacio Recerca\" \/>\n<meta property=\"article:publisher\" content=\"https:\/\/www.facebook.com\/fundaciorecerca\" \/>\n<meta property=\"article:modified_time\" content=\"2021-12-02T11:34:25+00:00\" \/>\n<meta name=\"twitter:card\" content=\"summary_large_image\" \/>\n<meta name=\"twitter:site\" content=\"@fundaciorecerca\" \/>\n<meta name=\"twitter:label1\" content=\"Temps estimat de lectura\" \/>\n\t<meta name=\"twitter:data1\" content=\"1 minut\" \/>\n<script type=\"application\/ld+json\" class=\"yoast-schema-graph\">{\"@context\":\"https:\/\/schema.org\",\"@graph\":[{\"@type\":\"WebPage\",\"@id\":\"https:\/\/fcri.cat\/ca\/agenda\/final-3a-edicio-del-concurs-els-monolegs-del-club-de-la-ciencia\/\",\"url\":\"https:\/\/fcri.cat\/ca\/agenda\/final-3a-edicio-del-concurs-els-monolegs-del-club-de-la-ciencia\/\",\"name\":\"Final 3a edici\u00f3 del Concurs \\\"Els Mon\u00f2legs del Club de la Ci\u00e8ncia\\\" - Fundacio Recerca\",\"isPartOf\":{\"@id\":\"https:\/\/fcri.cat\/ca\/#website\"},\"datePublished\":\"2021-11-15T09:44:08+00:00\",\"dateModified\":\"2021-12-02T11:34:25+00:00\",\"breadcrumb\":{\"@id\":\"https:\/\/fcri.cat\/ca\/agenda\/final-3a-edicio-del-concurs-els-monolegs-del-club-de-la-ciencia\/#breadcrumb\"},\"inLanguage\":\"ca\",\"potentialAction\":[{\"@type\":\"ReadAction\",\"target\":[\"https:\/\/fcri.cat\/ca\/agenda\/final-3a-edicio-del-concurs-els-monolegs-del-club-de-la-ciencia\/\"]}]},{\"@type\":\"BreadcrumbList\",\"@id\":\"https:\/\/fcri.cat\/ca\/agenda\/final-3a-edicio-del-concurs-els-monolegs-del-club-de-la-ciencia\/#breadcrumb\",\"itemListElement\":[{\"@type\":\"ListItem\",\"position\":1,\"name\":\"Inici\",\"item\":\"https:\/\/fcri.cat\/ca\/\"},{\"@type\":\"ListItem\",\"position\":2,\"name\":\"Esdeveniments\",\"item\":\"https:\/\/fcri.cat\/ca\/agenda\/\"},{\"@type\":\"ListItem\",\"position\":3,\"name\":\"Final 3a edici\u00f3 del Concurs &#8220;Els Mon\u00f2legs del Club de la Ci\u00e8ncia&#8221;\"}]},{\"@type\":\"WebSite\",\"@id\":\"https:\/\/fcri.cat\/ca\/#website\",\"url\":\"https:\/\/fcri.cat\/ca\/\",\"name\":\"Fundacio Recerca\",\"description\":\"Fundaci\u00f3 Catalana per a la Recerca i la Innovaci\u00f3\",\"potentialAction\":[{\"@type\":\"SearchAction\",\"target\":{\"@type\":\"EntryPoint\",\"urlTemplate\":\"https:\/\/fcri.cat\/ca\/?s={search_term_string}\"},\"query-input\":\"required name=search_term_string\"}],\"inLanguage\":\"ca\"}]}<\/script>\n<!-- \/ Yoast SEO plugin. -->","yoast_head_json":{"title":"Final 3a edici\u00f3 del Concurs \"Els Mon\u00f2legs del Club de la Ci\u00e8ncia\" - Fundacio Recerca","robots":{"index":"index","follow":"follow","max-snippet":"max-snippet:-1","max-image-preview":"max-image-preview:large","max-video-preview":"max-video-preview:-1"},"canonical":"https:\/\/fcri.cat\/ca\/agenda\/final-3a-edicio-del-concurs-els-monolegs-del-club-de-la-ciencia\/","og_locale":"ca_ES","og_type":"article","og_title":"Final 3a edici\u00f3 del Concurs \"Els Mon\u00f2legs del Club de la Ci\u00e8ncia\" - Fundacio Recerca","og_description":"Un altre dels actes centrals de la 26a Setmana de la Ci\u00e8ncia a Catalunya (SC\u201921), organitzat per l\u2019FCRI amb l\u2019objectiu de fomentar nous formats de disseminaci\u00f3 cient\u00edfica en catal\u00e0, ser\u00e0 [&hellip;]","og_url":"https:\/\/fcri.cat\/ca\/agenda\/final-3a-edicio-del-concurs-els-monolegs-del-club-de-la-ciencia\/","og_site_name":"Fundacio Recerca","article_publisher":"https:\/\/www.facebook.com\/fundaciorecerca","article_modified_time":"2021-12-02T11:34:25+00:00","twitter_card":"summary_large_image","twitter_site":"@fundaciorecerca","twitter_misc":{"Temps estimat de lectura":"1 minut"},"schema":{"@context":"https:\/\/schema.org","@graph":[{"@type":"WebPage","@id":"https:\/\/fcri.cat\/ca\/agenda\/final-3a-edicio-del-concurs-els-monolegs-del-club-de-la-ciencia\/","url":"https:\/\/fcri.cat\/ca\/agenda\/final-3a-edicio-del-concurs-els-monolegs-del-club-de-la-ciencia\/","name":"Final 3a edici\u00f3 del Concurs \"Els Mon\u00f2legs del Club de la Ci\u00e8ncia\" - Fundacio Recerca","isPartOf":{"@id":"https:\/\/fcri.cat\/ca\/#website"},"datePublished":"2021-11-15T09:44:08+00:00","dateModified":"2021-12-02T11:34:25+00:00","breadcrumb":{"@id":"https:\/\/fcri.cat\/ca\/agenda\/final-3a-edicio-del-concurs-els-monolegs-del-club-de-la-ciencia\/#breadcrumb"},"inLanguage":"ca","potentialAction":[{"@type":"ReadAction","target":["https:\/\/fcri.cat\/ca\/agenda\/final-3a-edicio-del-concurs-els-monolegs-del-club-de-la-ciencia\/"]}]},{"@type":"BreadcrumbList","@id":"https:\/\/fcri.cat\/ca\/agenda\/final-3a-edicio-del-concurs-els-monolegs-del-club-de-la-ciencia\/#breadcrumb","itemListElement":[{"@type":"ListItem","position":1,"name":"Inici","item":"https:\/\/fcri.cat\/ca\/"},{"@type":"ListItem","position":2,"name":"Esdeveniments","item":"https:\/\/fcri.cat\/ca\/agenda\/"},{"@type":"ListItem","position":3,"name":"Final 3a edici\u00f3 del Concurs &#8220;Els Mon\u00f2legs del Club de la Ci\u00e8ncia&#8221;"}]},{"@type":"WebSite","@id":"https:\/\/fcri.cat\/ca\/#website","url":"https:\/\/fcri.cat\/ca\/","name":"Fundacio Recerca","description":"Fundaci\u00f3 Catalana per a la Recerca i la Innovaci\u00f3","potentialAction":[{"@type":"SearchAction","target":{"@type":"EntryPoint","urlTemplate":"https:\/\/fcri.cat\/ca\/?s={search_term_string}"},"query-input":"required name=search_term_string"}],"inLanguage":"ca"}]}},"_links":{"self":[{"href":"https:\/\/fcri.cat\/ca\/wp-json\/wp\/v2\/tribe_events\/10385"}],"collection":[{"href":"https:\/\/fcri.cat\/ca\/wp-json\/wp\/v2\/tribe_events"}],"about":[{"href":"https:\/\/fcri.cat\/ca\/wp-json\/wp\/v2\/types\/tribe_events"}],"author":[{"embeddable":true,"href":"https:\/\/fcri.cat\/ca\/wp-json\/wp\/v2\/users\/3"}],"replies":[{"embeddable":true,"href":"https:\/\/fcri.cat\/ca\/wp-json\/wp\/v2\/comments?post=10385"}],"version-history":[{"count":2,"href":"https:\/\/fcri.cat\/ca\/wp-json\/wp\/v2\/tribe_events\/10385\/revisions"}],"predecessor-version":[{"id":10387,"href":"https:\/\/fcri.cat\/ca\/wp-json\/wp\/v2\/tribe_events\/10385\/revisions\/10387"}],"wp:attachment":[{"href":"https:\/\/fcri.cat\/ca\/wp-json\/wp\/v2\/media?parent=10385"}],"wp:term":[{"taxonomy":"post_tag","embeddable":true,"href":"https:\/\/fcri.cat\/ca\/wp-json\/wp\/v2\/tags?post=10385"},{"taxonomy":"tribe_events_cat","embeddable":true,"href":"https:\/\/fcri.cat\/ca\/wp-json\/wp\/v2\/tribe_events_cat?post=10385"}],"curies":[{"name":"wp","href":"https:\/\/api.w.org\/{rel}","templated":true}]}}