{"id":15443,"date":"2023-11-21T13:21:56","date_gmt":"2023-11-21T12:21:56","guid":{"rendered":"https:\/\/fundaciorecerca.cat\/?post_type=tribe_events&#038;p=15443"},"modified":"2023-12-11T13:33:07","modified_gmt":"2023-12-11T12:33:07","slug":"cafe-amb-la-recerca-electronica-i-semiconductors","status":"publish","type":"tribe_events","link":"https:\/\/fcri.cat\/ca\/agenda\/cafe-amb-la-recerca-electronica-i-semiconductors\/","title":{"rendered":"Caf\u00e8 amb la Recerca: Electr\u00f2nica i semiconductors"},"content":{"rendered":"<p>La Fundaci\u00f3 Catalana per a la Recerca i la Innovaci\u00f3 (FCRI), el Departament d\u2018Acci\u00f3 Clim\u00e0tica, Alimentaci\u00f3 i Agenda Rural (DACC)  i el Barcelona Supercomputing Center BSC us conviden a assistir al proper Caf\u00e8 amb la Recerca, per tal de con\u00e8ixer qu\u00e8 \u00e9s la computaci\u00f3 d\u2019altes prestacions (HPC) i la seva aplicaci\u00f3 en les ind\u00fastries agroaliment\u00e0ries.<\/p>\n<\/p>\n<p>La\u202fFundaci\u00f3 Catalana per a la Recerca i la Innovaci\u00f3(FCRI), i el Parc de Recerca UAB us convidem a assistir al Caf\u00e8 amb la Recerca, al voltant de les \u00e0rees tem\u00e0tiques del PERTE en microelectr\u00f2nica i semiconductors, per tal de crear sin\u00e8rgies i explorar possibles vies de col\u00b7laboraci\u00f3 ind\u00fastria-acad\u00e8mia.<\/p>\n<p>Inscripcions <a href=\"https:\/\/projectes.fcri.cat\/cafes_recerca\/index.asp?accio=formulari&#038;firstime=si\">aqu\u00ed<\/a>.<\/p>\n","protected":false},"excerpt":{"rendered":"<p>La Fundaci\u00f3 Catalana per a la Recerca i la Innovaci\u00f3 (FCRI), el Departament d\u2018Acci\u00f3 Clim\u00e0tica, Alimentaci\u00f3 i Agenda Rural (DACC) i el Barcelona Supercomputing Center BSC us conviden a assistir [&hellip;]<\/p>\n","protected":false},"author":3,"featured_media":0,"comment_status":"open","ping_status":"closed","template":"","meta":{"_et_pb_use_builder":"","_et_pb_old_content":"","_et_gb_content_width":"","_tribe_events_status":"","_tribe_events_status_reason":"","footnotes":""},"tags":[],"tribe_events_cat":[93,99],"class_list":["post-15443","tribe_events","type-tribe_events","status-publish","hentry","tribe_events_cat-agenda","tribe_events_cat-la-fundacio","cat_agenda","cat_la-fundacio"],"yoast_head":"<!-- This site is optimized with the Yoast SEO plugin v22.9 - https:\/\/yoast.com\/wordpress\/plugins\/seo\/ -->\n<title>Caf\u00e8 amb la Recerca: Electr\u00f2nica i semiconductors - Fundacio Recerca<\/title>\n<meta name=\"robots\" content=\"index, follow, max-snippet:-1, max-image-preview:large, max-video-preview:-1\" \/>\n<link rel=\"canonical\" href=\"https:\/\/fcri.cat\/ca\/agenda\/cafe-amb-la-recerca-electronica-i-semiconductors\/\" \/>\n<meta property=\"og:locale\" content=\"ca_ES\" \/>\n<meta property=\"og:type\" content=\"article\" \/>\n<meta property=\"og:title\" content=\"Caf\u00e8 amb la Recerca: Electr\u00f2nica i semiconductors - Fundacio Recerca\" \/>\n<meta property=\"og:description\" content=\"La Fundaci\u00f3 Catalana per a la Recerca i la Innovaci\u00f3 (FCRI), el Departament d\u2018Acci\u00f3 Clim\u00e0tica, Alimentaci\u00f3 i Agenda Rural (DACC) i el Barcelona Supercomputing Center BSC us conviden a assistir [&hellip;]\" \/>\n<meta property=\"og:url\" content=\"https:\/\/fcri.cat\/ca\/agenda\/cafe-amb-la-recerca-electronica-i-semiconductors\/\" \/>\n<meta property=\"og:site_name\" content=\"Fundacio Recerca\" \/>\n<meta property=\"article:publisher\" content=\"https:\/\/www.facebook.com\/fundaciorecerca\" \/>\n<meta property=\"article:modified_time\" content=\"2023-12-11T12:33:07+00:00\" \/>\n<meta name=\"twitter:card\" content=\"summary_large_image\" \/>\n<meta name=\"twitter:site\" content=\"@fundaciorecerca\" \/>\n<meta name=\"twitter:label1\" content=\"Temps estimat de lectura\" \/>\n\t<meta name=\"twitter:data1\" content=\"1 minut\" \/>\n<script type=\"application\/ld+json\" class=\"yoast-schema-graph\">{\"@context\":\"https:\/\/schema.org\",\"@graph\":[{\"@type\":\"WebPage\",\"@id\":\"https:\/\/fcri.cat\/ca\/agenda\/cafe-amb-la-recerca-electronica-i-semiconductors\/\",\"url\":\"https:\/\/fcri.cat\/ca\/agenda\/cafe-amb-la-recerca-electronica-i-semiconductors\/\",\"name\":\"Caf\u00e8 amb la Recerca: Electr\u00f2nica i semiconductors - Fundacio Recerca\",\"isPartOf\":{\"@id\":\"https:\/\/fcri.cat\/ca\/#website\"},\"datePublished\":\"2023-11-21T12:21:56+00:00\",\"dateModified\":\"2023-12-11T12:33:07+00:00\",\"breadcrumb\":{\"@id\":\"https:\/\/fcri.cat\/ca\/agenda\/cafe-amb-la-recerca-electronica-i-semiconductors\/#breadcrumb\"},\"inLanguage\":\"ca\",\"potentialAction\":[{\"@type\":\"ReadAction\",\"target\":[\"https:\/\/fcri.cat\/ca\/agenda\/cafe-amb-la-recerca-electronica-i-semiconductors\/\"]}]},{\"@type\":\"BreadcrumbList\",\"@id\":\"https:\/\/fcri.cat\/ca\/agenda\/cafe-amb-la-recerca-electronica-i-semiconductors\/#breadcrumb\",\"itemListElement\":[{\"@type\":\"ListItem\",\"position\":1,\"name\":\"Inici\",\"item\":\"https:\/\/fcri.cat\/ca\/\"},{\"@type\":\"ListItem\",\"position\":2,\"name\":\"Esdeveniments\",\"item\":\"https:\/\/fcri.cat\/ca\/agenda\/\"},{\"@type\":\"ListItem\",\"position\":3,\"name\":\"Caf\u00e8 amb la Recerca: Electr\u00f2nica i semiconductors\"}]},{\"@type\":\"WebSite\",\"@id\":\"https:\/\/fcri.cat\/ca\/#website\",\"url\":\"https:\/\/fcri.cat\/ca\/\",\"name\":\"Fundacio Recerca\",\"description\":\"Fundaci\u00f3 Catalana per a la Recerca i la Innovaci\u00f3\",\"potentialAction\":[{\"@type\":\"SearchAction\",\"target\":{\"@type\":\"EntryPoint\",\"urlTemplate\":\"https:\/\/fcri.cat\/ca\/?s={search_term_string}\"},\"query-input\":\"required name=search_term_string\"}],\"inLanguage\":\"ca\"}]}<\/script>\n<!-- \/ Yoast SEO plugin. -->","yoast_head_json":{"title":"Caf\u00e8 amb la Recerca: Electr\u00f2nica i semiconductors - Fundacio Recerca","robots":{"index":"index","follow":"follow","max-snippet":"max-snippet:-1","max-image-preview":"max-image-preview:large","max-video-preview":"max-video-preview:-1"},"canonical":"https:\/\/fcri.cat\/ca\/agenda\/cafe-amb-la-recerca-electronica-i-semiconductors\/","og_locale":"ca_ES","og_type":"article","og_title":"Caf\u00e8 amb la Recerca: Electr\u00f2nica i semiconductors - Fundacio Recerca","og_description":"La Fundaci\u00f3 Catalana per a la Recerca i la Innovaci\u00f3 (FCRI), el Departament d\u2018Acci\u00f3 Clim\u00e0tica, Alimentaci\u00f3 i Agenda Rural (DACC) i el Barcelona Supercomputing Center BSC us conviden a assistir [&hellip;]","og_url":"https:\/\/fcri.cat\/ca\/agenda\/cafe-amb-la-recerca-electronica-i-semiconductors\/","og_site_name":"Fundacio Recerca","article_publisher":"https:\/\/www.facebook.com\/fundaciorecerca","article_modified_time":"2023-12-11T12:33:07+00:00","twitter_card":"summary_large_image","twitter_site":"@fundaciorecerca","twitter_misc":{"Temps estimat de lectura":"1 minut"},"schema":{"@context":"https:\/\/schema.org","@graph":[{"@type":"WebPage","@id":"https:\/\/fcri.cat\/ca\/agenda\/cafe-amb-la-recerca-electronica-i-semiconductors\/","url":"https:\/\/fcri.cat\/ca\/agenda\/cafe-amb-la-recerca-electronica-i-semiconductors\/","name":"Caf\u00e8 amb la Recerca: Electr\u00f2nica i semiconductors - Fundacio Recerca","isPartOf":{"@id":"https:\/\/fcri.cat\/ca\/#website"},"datePublished":"2023-11-21T12:21:56+00:00","dateModified":"2023-12-11T12:33:07+00:00","breadcrumb":{"@id":"https:\/\/fcri.cat\/ca\/agenda\/cafe-amb-la-recerca-electronica-i-semiconductors\/#breadcrumb"},"inLanguage":"ca","potentialAction":[{"@type":"ReadAction","target":["https:\/\/fcri.cat\/ca\/agenda\/cafe-amb-la-recerca-electronica-i-semiconductors\/"]}]},{"@type":"BreadcrumbList","@id":"https:\/\/fcri.cat\/ca\/agenda\/cafe-amb-la-recerca-electronica-i-semiconductors\/#breadcrumb","itemListElement":[{"@type":"ListItem","position":1,"name":"Inici","item":"https:\/\/fcri.cat\/ca\/"},{"@type":"ListItem","position":2,"name":"Esdeveniments","item":"https:\/\/fcri.cat\/ca\/agenda\/"},{"@type":"ListItem","position":3,"name":"Caf\u00e8 amb la Recerca: Electr\u00f2nica i semiconductors"}]},{"@type":"WebSite","@id":"https:\/\/fcri.cat\/ca\/#website","url":"https:\/\/fcri.cat\/ca\/","name":"Fundacio Recerca","description":"Fundaci\u00f3 Catalana per a la Recerca i la Innovaci\u00f3","potentialAction":[{"@type":"SearchAction","target":{"@type":"EntryPoint","urlTemplate":"https:\/\/fcri.cat\/ca\/?s={search_term_string}"},"query-input":"required name=search_term_string"}],"inLanguage":"ca"}]}},"_links":{"self":[{"href":"https:\/\/fcri.cat\/ca\/wp-json\/wp\/v2\/tribe_events\/15443"}],"collection":[{"href":"https:\/\/fcri.cat\/ca\/wp-json\/wp\/v2\/tribe_events"}],"about":[{"href":"https:\/\/fcri.cat\/ca\/wp-json\/wp\/v2\/types\/tribe_events"}],"author":[{"embeddable":true,"href":"https:\/\/fcri.cat\/ca\/wp-json\/wp\/v2\/users\/3"}],"replies":[{"embeddable":true,"href":"https:\/\/fcri.cat\/ca\/wp-json\/wp\/v2\/comments?post=15443"}],"version-history":[{"count":1,"href":"https:\/\/fcri.cat\/ca\/wp-json\/wp\/v2\/tribe_events\/15443\/revisions"}],"predecessor-version":[{"id":15444,"href":"https:\/\/fcri.cat\/ca\/wp-json\/wp\/v2\/tribe_events\/15443\/revisions\/15444"}],"wp:attachment":[{"href":"https:\/\/fcri.cat\/ca\/wp-json\/wp\/v2\/media?parent=15443"}],"wp:term":[{"taxonomy":"post_tag","embeddable":true,"href":"https:\/\/fcri.cat\/ca\/wp-json\/wp\/v2\/tags?post=15443"},{"taxonomy":"tribe_events_cat","embeddable":true,"href":"https:\/\/fcri.cat\/ca\/wp-json\/wp\/v2\/tribe_events_cat?post=15443"}],"curies":[{"name":"wp","href":"https:\/\/api.w.org\/{rel}","templated":true}]}}