{"id":8424,"date":"2021-05-18T16:59:37","date_gmt":"2021-05-18T15:59:37","guid":{"rendered":"https:\/\/fundaciorecerca.cat\/?post_type=tribe_events&#038;p=8424"},"modified":"2023-09-18T10:26:48","modified_gmt":"2023-09-18T09:26:48","slug":"concurs-de-cartells-de-la-setmana-de-la-ciencia-2021","status":"publish","type":"tribe_events","link":"https:\/\/fcri.cat\/ca\/agenda\/concurs-de-cartells-de-la-setmana-de-la-ciencia-2021\/","title":{"rendered":"Concurs de Cartells de la Setmana de la Ci\u00e8ncia 2023"},"content":{"rendered":"<p class=\"standard-padding\">Enguany tornem a convocar el concurs de cartells de la Setmana de la Ci\u00e8ncia. L\u2019obra guanyadora ser\u00e0 la imatge de l\u2019SC23 i ser\u00e0 premiada amb 1.000 \u20ac. El termini m\u00e0xim de presentaci\u00f3 ser\u00e0 el proper dia <strong>12 de setembre<\/strong>.<\/p>\n<p>Consulteu les bases <a href=\"https:\/\/setmanaciencia.fundaciorecerca.cat\/frontend\/home.asp\">aqu\u00ed<\/a><\/a>.<\/p>\n","protected":false},"excerpt":{"rendered":"<p>Enguany tornem a convocar el concurs de cartells de la Setmana de la Ci\u00e8ncia. L\u2019obra guanyadora ser\u00e0 la imatge de l\u2019SC23 i ser\u00e0 premiada amb 1.000 \u20ac. El termini m\u00e0xim [&hellip;]<\/p>\n","protected":false},"author":3,"featured_media":0,"comment_status":"open","ping_status":"closed","template":"","meta":{"_et_pb_use_builder":"","_et_pb_old_content":"","_et_gb_content_width":"","_tribe_events_status":"","_tribe_events_status_reason":"","footnotes":""},"tags":[],"tribe_events_cat":[93,96],"class_list":["post-8424","tribe_events","type-tribe_events","status-publish","hentry","tribe_events_cat-agenda","tribe_events_cat-ciencia-i-ciutadania-agenda","cat_agenda","cat_ciencia-i-ciutadania-agenda"],"yoast_head":"<!-- This site is optimized with the Yoast SEO plugin v22.9 - https:\/\/yoast.com\/wordpress\/plugins\/seo\/ -->\n<title>Concurs de Cartells de la Setmana de la Ci\u00e8ncia 2023 - Fundacio Recerca<\/title>\n<meta name=\"robots\" content=\"index, follow, max-snippet:-1, max-image-preview:large, max-video-preview:-1\" \/>\n<link rel=\"canonical\" href=\"https:\/\/fcri.cat\/ca\/agenda\/concurs-de-cartells-de-la-setmana-de-la-ciencia-2021\/\" \/>\n<meta property=\"og:locale\" content=\"ca_ES\" \/>\n<meta property=\"og:type\" content=\"article\" \/>\n<meta property=\"og:title\" content=\"Concurs de Cartells de la Setmana de la Ci\u00e8ncia 2023 - Fundacio Recerca\" \/>\n<meta property=\"og:description\" content=\"Enguany tornem a convocar el concurs de cartells de la Setmana de la Ci\u00e8ncia. L\u2019obra guanyadora ser\u00e0 la imatge de l\u2019SC23 i ser\u00e0 premiada amb 1.000 \u20ac. El termini m\u00e0xim [&hellip;]\" \/>\n<meta property=\"og:url\" content=\"https:\/\/fcri.cat\/ca\/agenda\/concurs-de-cartells-de-la-setmana-de-la-ciencia-2021\/\" \/>\n<meta property=\"og:site_name\" content=\"Fundacio Recerca\" \/>\n<meta property=\"article:publisher\" content=\"https:\/\/www.facebook.com\/fundaciorecerca\" \/>\n<meta property=\"article:modified_time\" content=\"2023-09-18T09:26:48+00:00\" \/>\n<meta name=\"twitter:card\" content=\"summary_large_image\" \/>\n<meta name=\"twitter:site\" content=\"@fundaciorecerca\" \/>\n<meta name=\"twitter:label1\" content=\"Temps estimat de lectura\" \/>\n\t<meta name=\"twitter:data1\" content=\"1 minut\" \/>\n<script type=\"application\/ld+json\" class=\"yoast-schema-graph\">{\"@context\":\"https:\/\/schema.org\",\"@graph\":[{\"@type\":\"WebPage\",\"@id\":\"https:\/\/fcri.cat\/ca\/agenda\/concurs-de-cartells-de-la-setmana-de-la-ciencia-2021\/\",\"url\":\"https:\/\/fcri.cat\/ca\/agenda\/concurs-de-cartells-de-la-setmana-de-la-ciencia-2021\/\",\"name\":\"Concurs de Cartells de la Setmana de la Ci\u00e8ncia 2023 - Fundacio Recerca\",\"isPartOf\":{\"@id\":\"https:\/\/fcri.cat\/ca\/#website\"},\"datePublished\":\"2021-05-18T15:59:37+00:00\",\"dateModified\":\"2023-09-18T09:26:48+00:00\",\"breadcrumb\":{\"@id\":\"https:\/\/fcri.cat\/ca\/agenda\/concurs-de-cartells-de-la-setmana-de-la-ciencia-2021\/#breadcrumb\"},\"inLanguage\":\"ca\",\"potentialAction\":[{\"@type\":\"ReadAction\",\"target\":[\"https:\/\/fcri.cat\/ca\/agenda\/concurs-de-cartells-de-la-setmana-de-la-ciencia-2021\/\"]}]},{\"@type\":\"BreadcrumbList\",\"@id\":\"https:\/\/fcri.cat\/ca\/agenda\/concurs-de-cartells-de-la-setmana-de-la-ciencia-2021\/#breadcrumb\",\"itemListElement\":[{\"@type\":\"ListItem\",\"position\":1,\"name\":\"Inici\",\"item\":\"https:\/\/fcri.cat\/ca\/\"},{\"@type\":\"ListItem\",\"position\":2,\"name\":\"Esdeveniments\",\"item\":\"https:\/\/fcri.cat\/ca\/agenda\/\"},{\"@type\":\"ListItem\",\"position\":3,\"name\":\"Concurs de Cartells de la Setmana de la Ci\u00e8ncia 2023\"}]},{\"@type\":\"WebSite\",\"@id\":\"https:\/\/fcri.cat\/ca\/#website\",\"url\":\"https:\/\/fcri.cat\/ca\/\",\"name\":\"Fundacio Recerca\",\"description\":\"Fundaci\u00f3 Catalana per a la Recerca i la Innovaci\u00f3\",\"potentialAction\":[{\"@type\":\"SearchAction\",\"target\":{\"@type\":\"EntryPoint\",\"urlTemplate\":\"https:\/\/fcri.cat\/ca\/?s={search_term_string}\"},\"query-input\":\"required name=search_term_string\"}],\"inLanguage\":\"ca\"}]}<\/script>\n<!-- \/ Yoast SEO plugin. -->","yoast_head_json":{"title":"Concurs de Cartells de la Setmana de la Ci\u00e8ncia 2023 - Fundacio Recerca","robots":{"index":"index","follow":"follow","max-snippet":"max-snippet:-1","max-image-preview":"max-image-preview:large","max-video-preview":"max-video-preview:-1"},"canonical":"https:\/\/fcri.cat\/ca\/agenda\/concurs-de-cartells-de-la-setmana-de-la-ciencia-2021\/","og_locale":"ca_ES","og_type":"article","og_title":"Concurs de Cartells de la Setmana de la Ci\u00e8ncia 2023 - Fundacio Recerca","og_description":"Enguany tornem a convocar el concurs de cartells de la Setmana de la Ci\u00e8ncia. L\u2019obra guanyadora ser\u00e0 la imatge de l\u2019SC23 i ser\u00e0 premiada amb 1.000 \u20ac. El termini m\u00e0xim [&hellip;]","og_url":"https:\/\/fcri.cat\/ca\/agenda\/concurs-de-cartells-de-la-setmana-de-la-ciencia-2021\/","og_site_name":"Fundacio Recerca","article_publisher":"https:\/\/www.facebook.com\/fundaciorecerca","article_modified_time":"2023-09-18T09:26:48+00:00","twitter_card":"summary_large_image","twitter_site":"@fundaciorecerca","twitter_misc":{"Temps estimat de lectura":"1 minut"},"schema":{"@context":"https:\/\/schema.org","@graph":[{"@type":"WebPage","@id":"https:\/\/fcri.cat\/ca\/agenda\/concurs-de-cartells-de-la-setmana-de-la-ciencia-2021\/","url":"https:\/\/fcri.cat\/ca\/agenda\/concurs-de-cartells-de-la-setmana-de-la-ciencia-2021\/","name":"Concurs de Cartells de la Setmana de la Ci\u00e8ncia 2023 - Fundacio Recerca","isPartOf":{"@id":"https:\/\/fcri.cat\/ca\/#website"},"datePublished":"2021-05-18T15:59:37+00:00","dateModified":"2023-09-18T09:26:48+00:00","breadcrumb":{"@id":"https:\/\/fcri.cat\/ca\/agenda\/concurs-de-cartells-de-la-setmana-de-la-ciencia-2021\/#breadcrumb"},"inLanguage":"ca","potentialAction":[{"@type":"ReadAction","target":["https:\/\/fcri.cat\/ca\/agenda\/concurs-de-cartells-de-la-setmana-de-la-ciencia-2021\/"]}]},{"@type":"BreadcrumbList","@id":"https:\/\/fcri.cat\/ca\/agenda\/concurs-de-cartells-de-la-setmana-de-la-ciencia-2021\/#breadcrumb","itemListElement":[{"@type":"ListItem","position":1,"name":"Inici","item":"https:\/\/fcri.cat\/ca\/"},{"@type":"ListItem","position":2,"name":"Esdeveniments","item":"https:\/\/fcri.cat\/ca\/agenda\/"},{"@type":"ListItem","position":3,"name":"Concurs de Cartells de la Setmana de la Ci\u00e8ncia 2023"}]},{"@type":"WebSite","@id":"https:\/\/fcri.cat\/ca\/#website","url":"https:\/\/fcri.cat\/ca\/","name":"Fundacio Recerca","description":"Fundaci\u00f3 Catalana per a la Recerca i la Innovaci\u00f3","potentialAction":[{"@type":"SearchAction","target":{"@type":"EntryPoint","urlTemplate":"https:\/\/fcri.cat\/ca\/?s={search_term_string}"},"query-input":"required name=search_term_string"}],"inLanguage":"ca"}]}},"_links":{"self":[{"href":"https:\/\/fcri.cat\/ca\/wp-json\/wp\/v2\/tribe_events\/8424"}],"collection":[{"href":"https:\/\/fcri.cat\/ca\/wp-json\/wp\/v2\/tribe_events"}],"about":[{"href":"https:\/\/fcri.cat\/ca\/wp-json\/wp\/v2\/types\/tribe_events"}],"author":[{"embeddable":true,"href":"https:\/\/fcri.cat\/ca\/wp-json\/wp\/v2\/users\/3"}],"replies":[{"embeddable":true,"href":"https:\/\/fcri.cat\/ca\/wp-json\/wp\/v2\/comments?post=8424"}],"version-history":[{"count":4,"href":"https:\/\/fcri.cat\/ca\/wp-json\/wp\/v2\/tribe_events\/8424\/revisions"}],"predecessor-version":[{"id":14770,"href":"https:\/\/fcri.cat\/ca\/wp-json\/wp\/v2\/tribe_events\/8424\/revisions\/14770"}],"wp:attachment":[{"href":"https:\/\/fcri.cat\/ca\/wp-json\/wp\/v2\/media?parent=8424"}],"wp:term":[{"taxonomy":"post_tag","embeddable":true,"href":"https:\/\/fcri.cat\/ca\/wp-json\/wp\/v2\/tags?post=8424"},{"taxonomy":"tribe_events_cat","embeddable":true,"href":"https:\/\/fcri.cat\/ca\/wp-json\/wp\/v2\/tribe_events_cat?post=8424"}],"curies":[{"name":"wp","href":"https:\/\/api.w.org\/{rel}","templated":true}]}}