{"id":13492,"date":"2023-02-14T11:53:11","date_gmt":"2023-02-14T10:53:11","guid":{"rendered":"https:\/\/fundaciorecerca.cat\/1285-2\/estat-de-la-ciencia\/"},"modified":"2024-07-03T12:50:04","modified_gmt":"2024-07-03T11:50:04","slug":"estado-de-la-ciencia","status":"publish","type":"page","link":"https:\/\/fcri.cat\/es\/1285-2\/estado-de-la-ciencia\/","title":{"rendered":"Estado de la ciencia"},"content":{"rendered":"<p>[et_pb_section fb_built=\u00bb1&#8243; admin_label=\u00bbHero\u00bb _builder_version=\u00bb4.16&#8243; custom_padding=\u00bb2px|||||\u00bb da_disable_devices=\u00bboff|off|off\u00bb locked=\u00bboff\u00bb global_colors_info=\u00bb{}\u00bb theme_builder_area=\u00bbpost_content\u00bb da_is_popup=\u00bboff\u00bb da_exit_intent=\u00bboff\u00bb da_has_close=\u00bbon\u00bb da_alt_close=\u00bboff\u00bb da_dark_close=\u00bboff\u00bb da_not_modal=\u00bbon\u00bb da_is_singular=\u00bboff\u00bb da_with_loader=\u00bboff\u00bb da_has_shadow=\u00bbon\u00bb][et_pb_row module_class=\u00bbmj-section-logo-projec\u00bb _builder_version=\u00bb4.25.2&#8243; _module_preset=\u00bbdefault\u00bb background_color=\u00bbRGBA(255,255,255,0)\u00bb width=\u00bb100%\u00bb width_tablet=\u00bb\u00bb width_phone=\u00bb\u00bb width_last_edited=\u00bbon|phone\u00bb min_height=\u00bb174px\u00bb custom_margin=\u00bb|auto|-3px|auto||\u00bb custom_padding=\u00bb||0px||false|false\u00bb global_colors_info=\u00bb{}\u00bb theme_builder_area=\u00bbpost_content\u00bb][et_pb_column type=\u00bb4_4&#8243; _builder_version=\u00bb4.24.1&#8243; _module_preset=\u00bbdefault\u00bb background_color=\u00bbRGBA(255,255,255,0)\u00bb global_colors_info=\u00bb{}\u00bb theme_builder_area=\u00bbpost_content\u00bb][et_pb_image src=\u00bbhttps:\/\/fcri.cat\/wp-content\/uploads\/2024\/06\/L-InformeEstatC@2x.png\u00bb title_text=\u00bbL-InformeEstatC@2x\u00bb align=\u00bbright\u00bb _builder_version=\u00bb4.25.2&#8243; _module_preset=\u00bbdefault\u00bb background_color=\u00bb#FFFFFF\u00bb background_enable_image=\u00bboff\u00bb width=\u00bb250px\u00bb width_tablet=\u00bb200px\u00bb width_phone=\u00bb150px\u00bb width_last_edited=\u00bbon|desktop\u00bb module_alignment=\u00bbright\u00bb height=\u00bb250px\u00bb height_tablet=\u00bb200px\u00bb height_phone=\u00bb150px\u00bb height_last_edited=\u00bbon|tablet\u00bb custom_margin=\u00bb||||false|false\u00bb custom_margin_tablet=\u00bb20px||||false|false\u00bb custom_margin_phone=\u00bb60px||||false|false\u00bb custom_margin_last_edited=\u00bbon|desktop\u00bb custom_padding=\u00bb|||3px||\u00bb background_last_edited=\u00bbon|phone\u00bb box_shadow_style=\u00bbpreset1&#8243; global_colors_info=\u00bb{}\u00bb theme_builder_area=\u00bbpost_content\u00bb][\/et_pb_image][\/et_pb_column][\/et_pb_row][et_pb_row _builder_version=\u00bb4.25.2&#8243; _module_preset=\u00bbdefault\u00bb width=\u00bb100%\u00bb locked=\u00bboff\u00bb global_colors_info=\u00bb{}\u00bb theme_builder_area=\u00bbpost_content\u00bb][et_pb_column type=\u00bb4_4&#8243; _builder_version=\u00bb4.16&#8243; _module_preset=\u00bbdefault\u00bb custom_padding=\u00bb|50px|||false|false\u00bb custom_padding_tablet=\u00bb|0px|40px||false|false\u00bb custom_padding_phone=\u00bb||40px||false|false\u00bb custom_padding_last_edited=\u00bbon|desktop\u00bb global_colors_info=\u00bb{}\u00bb theme_builder_area=\u00bbpost_content\u00bb][et_pb_text _builder_version=\u00bb4.19.1&#8243; _module_preset=\u00bbdefault\u00bb global_colors_info=\u00bb{}\u00bb theme_builder_area=\u00bbpost_content\u00bb]<\/p>\n<p><span>Es un informe bienal que nace de la necesidad de disponer de datos actualizados de la investigaci\u00f3n y la innovaci\u00f3n catalana, y analizar, de forma sistem\u00e1tica y contextualizada, sus resultados a nivel europeo. <\/span><\/p>\n<p>[\/et_pb_text][et_pb_text _builder_version=\u00bb4.19.1&#8243; _module_preset=\u00bbdefault\u00bb custom_margin=\u00bb20px||||false|false\u00bb global_colors_info=\u00bb{}\u00bb theme_builder_area=\u00bbpost_content\u00bb]A partir de los datos m\u00e1s relevantes, aportados por los diferentes agentes del sistema de investigaci\u00f3n e innovaci\u00f3n, se pone de relieve el estado de nuestra investigaci\u00f3n, detectando tanto sus fortalezas como los puntos de mejora, permitiendo al mismo tiempo, apreciar su evoluci\u00f3n a lo largo del tiempo.[\/et_pb_text][et_pb_text _builder_version=\u00bb4.19.1&#8243; _module_preset=\u00bbdefault\u00bb custom_margin=\u00bb20px||||false|false\u00bb global_colors_info=\u00bb{}\u00bb theme_builder_area=\u00bbpost_content\u00bb]El informe se dirige en una primera instancia a toda la ciudadan\u00eda de Catalu\u00f1a, entendiendo que la investigaci\u00f3n y la innovci\u00f3n son uno de los pilares del bienestar futuro de nuestra sociedad y, por tanto, de inter\u00e9s para todos. En un segundo nivel, esperamos que sea de especial utilidad, tanto para el p\u00fablico relacionado con el ecosistema de investigaci\u00f3n y la innoavi\u00f3n  (investigadores, acad\u00e9micos, emprendedores, facilitadores, etc.) como para los analistas y los responsables de la formulaci\u00f3n de pol\u00edticas p\u00fablicas.[\/et_pb_text][et_pb_text _builder_version=\u00bb4.25.2&#8243; _module_preset=\u00bbdefault\u00bb text_font=\u00bb||||||||\u00bb text_text_color=\u00bb#e09900&#8243; text_font_size=\u00bb18px\u00bb text_line_height=\u00bb1.8em\u00bb module_alignment=\u00bbright\u00bb custom_margin=\u00bb||||false|false\u00bb custom_padding=\u00bb||||false|false\u00bb border_color_left=\u00bb#AFA44C\u00bb global_colors_info=\u00bb{}\u00bb theme_builder_area=\u00bbpost_content\u00bb]<a href=\"https:\/\/estatciencia.fundaciorecerca.cat\/\" title=\"Enlla\u00e7 web\">Web Informe Estado de la ciencia en Catalu\u00f1a<\/a>[\/et_pb_text][et_pb_text _builder_version=\u00bb4.19.1&#8243; _module_preset=\u00bbdefault\u00bb custom_margin=\u00bb60px||||false|false\u00bb global_colors_info=\u00bb{}\u00bb theme_builder_area=\u00bbpost_content\u00bb]<\/p>\n<h2>Contacto<\/h2>\n<p>Dolors L\u00f3pez<br \/><a class=\"underline\" href=\"mailto:dlopez@fcri.cat\" rel=\"alternate\">dlopez@fcri.cat<\/a><\/p>\n<p>[\/et_pb_text][et_pb_text _builder_version=\u00bb4.19.1&#8243; _module_preset=\u00bbdefault\u00bb header_3_font_size=\u00bb23px\u00bb custom_margin=\u00bb60px||||false|false\u00bb global_colors_info=\u00bb{}\u00bb theme_builder_area=\u00bbpost_content\u00bb]<\/p>\n<h3>Colabora<\/h3>\n<p><span>Este informe cuenta con el apoyo del Departamento de Investigaci\u00f3n y Universidades de la Generalitat de Catalunya.<\/span><\/p>\n<p>[\/et_pb_text][\/et_pb_column][\/et_pb_row][\/et_pb_section]<\/p>\n","protected":false},"excerpt":{"rendered":"<p>Es un informe bienal que nace de la necesidad de disponer de datos actualizados de la investigaci\u00f3n y la innovaci\u00f3n catalana, y analizar, de forma sistem\u00e1tica y contextualizada, sus resultados [&hellip;]<\/p>\n","protected":false},"author":6,"featured_media":16767,"parent":1285,"menu_order":0,"comment_status":"closed","ping_status":"closed","template":"","meta":{"_et_pb_use_builder":"on","_et_pb_old_content":"","_et_gb_content_width":"","footnotes":""},"class_list":["post-13492","page","type-page","status-publish","has-post-thumbnail","hentry"],"yoast_head":"<!-- This site is optimized with the Yoast SEO plugin v22.9 - https:\/\/yoast.com\/wordpress\/plugins\/seo\/ -->\n<title>Estado de la ciencia - Fundacio Recerca<\/title>\n<meta name=\"robots\" content=\"index, follow, max-snippet:-1, max-image-preview:large, max-video-preview:-1\" \/>\n<link rel=\"canonical\" href=\"https:\/\/fcri.cat\/es\/1285-2\/estado-de-la-ciencia\/\" \/>\n<meta property=\"og:locale\" content=\"es_ES\" \/>\n<meta property=\"og:type\" content=\"article\" \/>\n<meta property=\"og:title\" content=\"Estado de la ciencia - Fundacio Recerca\" \/>\n<meta property=\"og:description\" content=\"Es un informe bienal que nace de la necesidad de disponer de datos actualizados de la investigaci\u00f3n y la innovaci\u00f3n catalana, y analizar, de forma sistem\u00e1tica y contextualizada, sus resultados [&hellip;]\" \/>\n<meta property=\"og:url\" content=\"https:\/\/fcri.cat\/es\/1285-2\/estado-de-la-ciencia\/\" \/>\n<meta property=\"og:site_name\" content=\"Fundacio Recerca\" \/>\n<meta property=\"article:publisher\" content=\"https:\/\/www.facebook.com\/fundaciorecerca\" \/>\n<meta property=\"article:modified_time\" content=\"2024-07-03T11:50:04+00:00\" \/>\n<meta property=\"og:image\" content=\"https:\/\/fcri.cat\/wp-content\/uploads\/2024\/05\/estatciencia-1.jpg\" \/>\n\t<meta property=\"og:image:width\" content=\"960\" \/>\n\t<meta property=\"og:image:height\" content=\"480\" \/>\n\t<meta property=\"og:image:type\" content=\"image\/jpeg\" \/>\n<meta name=\"twitter:card\" content=\"summary_large_image\" \/>\n<meta name=\"twitter:site\" content=\"@fundaciorecerca\" \/>\n<meta name=\"twitter:label1\" content=\"Tiempo de lectura\" \/>\n\t<meta name=\"twitter:data1\" content=\"3 minutos\" \/>\n<script type=\"application\/ld+json\" class=\"yoast-schema-graph\">{\"@context\":\"https:\/\/schema.org\",\"@graph\":[{\"@type\":\"WebPage\",\"@id\":\"https:\/\/fcri.cat\/es\/1285-2\/estado-de-la-ciencia\/\",\"url\":\"https:\/\/fcri.cat\/es\/1285-2\/estado-de-la-ciencia\/\",\"name\":\"Estado de la ciencia - Fundacio Recerca\",\"isPartOf\":{\"@id\":\"https:\/\/fcri.cat\/es\/#website\"},\"primaryImageOfPage\":{\"@id\":\"https:\/\/fcri.cat\/es\/1285-2\/estado-de-la-ciencia\/#primaryimage\"},\"image\":{\"@id\":\"https:\/\/fcri.cat\/es\/1285-2\/estado-de-la-ciencia\/#primaryimage\"},\"thumbnailUrl\":\"https:\/\/fcri.cat\/wp-content\/uploads\/2024\/05\/estatciencia-1.jpg?wsr\",\"datePublished\":\"2023-02-14T10:53:11+00:00\",\"dateModified\":\"2024-07-03T11:50:04+00:00\",\"breadcrumb\":{\"@id\":\"https:\/\/fcri.cat\/es\/1285-2\/estado-de-la-ciencia\/#breadcrumb\"},\"inLanguage\":\"es\",\"potentialAction\":[{\"@type\":\"ReadAction\",\"target\":[\"https:\/\/fcri.cat\/es\/1285-2\/estado-de-la-ciencia\/\"]}]},{\"@type\":\"ImageObject\",\"inLanguage\":\"es\",\"@id\":\"https:\/\/fcri.cat\/es\/1285-2\/estado-de-la-ciencia\/#primaryimage\",\"url\":\"https:\/\/fcri.cat\/wp-content\/uploads\/2024\/05\/estatciencia-1.jpg?wsr\",\"contentUrl\":\"https:\/\/fcri.cat\/wp-content\/uploads\/2024\/05\/estatciencia-1.jpg?wsr\",\"width\":960,\"height\":480},{\"@type\":\"BreadcrumbList\",\"@id\":\"https:\/\/fcri.cat\/es\/1285-2\/estado-de-la-ciencia\/#breadcrumb\",\"itemListElement\":[{\"@type\":\"ListItem\",\"position\":1,\"name\":\"Inici\",\"item\":\"https:\/\/fcri.cat\/es\/\"},{\"@type\":\"ListItem\",\"position\":2,\"name\":\"Innovaci\u00f3n\",\"item\":\"https:\/\/fcri.cat\/es\/innovacio\/\"},{\"@type\":\"ListItem\",\"position\":3,\"name\":\"Estado de la ciencia\"}]},{\"@type\":\"WebSite\",\"@id\":\"https:\/\/fcri.cat\/es\/#website\",\"url\":\"https:\/\/fcri.cat\/es\/\",\"name\":\"Fundacio Recerca\",\"description\":\"Fundaci\u00f3 Catalana per a la Recerca i la Innovaci\u00f3\",\"potentialAction\":[{\"@type\":\"SearchAction\",\"target\":{\"@type\":\"EntryPoint\",\"urlTemplate\":\"https:\/\/fcri.cat\/es\/?s={search_term_string}\"},\"query-input\":\"required name=search_term_string\"}],\"inLanguage\":\"es\"}]}<\/script>\n<!-- \/ Yoast SEO plugin. -->","yoast_head_json":{"title":"Estado de la ciencia - Fundacio Recerca","robots":{"index":"index","follow":"follow","max-snippet":"max-snippet:-1","max-image-preview":"max-image-preview:large","max-video-preview":"max-video-preview:-1"},"canonical":"https:\/\/fcri.cat\/es\/1285-2\/estado-de-la-ciencia\/","og_locale":"es_ES","og_type":"article","og_title":"Estado de la ciencia - Fundacio Recerca","og_description":"Es un informe bienal que nace de la necesidad de disponer de datos actualizados de la investigaci\u00f3n y la innovaci\u00f3n catalana, y analizar, de forma sistem\u00e1tica y contextualizada, sus resultados [&hellip;]","og_url":"https:\/\/fcri.cat\/es\/1285-2\/estado-de-la-ciencia\/","og_site_name":"Fundacio Recerca","article_publisher":"https:\/\/www.facebook.com\/fundaciorecerca","article_modified_time":"2024-07-03T11:50:04+00:00","og_image":[{"width":960,"height":480,"url":"https:\/\/fcri.cat\/wp-content\/uploads\/2024\/05\/estatciencia-1.jpg","type":"image\/jpeg"}],"twitter_card":"summary_large_image","twitter_site":"@fundaciorecerca","twitter_misc":{"Tiempo de lectura":"3 minutos"},"schema":{"@context":"https:\/\/schema.org","@graph":[{"@type":"WebPage","@id":"https:\/\/fcri.cat\/es\/1285-2\/estado-de-la-ciencia\/","url":"https:\/\/fcri.cat\/es\/1285-2\/estado-de-la-ciencia\/","name":"Estado de la ciencia - Fundacio Recerca","isPartOf":{"@id":"https:\/\/fcri.cat\/es\/#website"},"primaryImageOfPage":{"@id":"https:\/\/fcri.cat\/es\/1285-2\/estado-de-la-ciencia\/#primaryimage"},"image":{"@id":"https:\/\/fcri.cat\/es\/1285-2\/estado-de-la-ciencia\/#primaryimage"},"thumbnailUrl":"https:\/\/fcri.cat\/wp-content\/uploads\/2024\/05\/estatciencia-1.jpg?wsr","datePublished":"2023-02-14T10:53:11+00:00","dateModified":"2024-07-03T11:50:04+00:00","breadcrumb":{"@id":"https:\/\/fcri.cat\/es\/1285-2\/estado-de-la-ciencia\/#breadcrumb"},"inLanguage":"es","potentialAction":[{"@type":"ReadAction","target":["https:\/\/fcri.cat\/es\/1285-2\/estado-de-la-ciencia\/"]}]},{"@type":"ImageObject","inLanguage":"es","@id":"https:\/\/fcri.cat\/es\/1285-2\/estado-de-la-ciencia\/#primaryimage","url":"https:\/\/fcri.cat\/wp-content\/uploads\/2024\/05\/estatciencia-1.jpg?wsr","contentUrl":"https:\/\/fcri.cat\/wp-content\/uploads\/2024\/05\/estatciencia-1.jpg?wsr","width":960,"height":480},{"@type":"BreadcrumbList","@id":"https:\/\/fcri.cat\/es\/1285-2\/estado-de-la-ciencia\/#breadcrumb","itemListElement":[{"@type":"ListItem","position":1,"name":"Inici","item":"https:\/\/fcri.cat\/es\/"},{"@type":"ListItem","position":2,"name":"Innovaci\u00f3n","item":"https:\/\/fcri.cat\/es\/innovacio\/"},{"@type":"ListItem","position":3,"name":"Estado de la ciencia"}]},{"@type":"WebSite","@id":"https:\/\/fcri.cat\/es\/#website","url":"https:\/\/fcri.cat\/es\/","name":"Fundacio Recerca","description":"Fundaci\u00f3 Catalana per a la Recerca i la Innovaci\u00f3","potentialAction":[{"@type":"SearchAction","target":{"@type":"EntryPoint","urlTemplate":"https:\/\/fcri.cat\/es\/?s={search_term_string}"},"query-input":"required name=search_term_string"}],"inLanguage":"es"}]}},"_links":{"self":[{"href":"https:\/\/fcri.cat\/es\/wp-json\/wp\/v2\/pages\/13492"}],"collection":[{"href":"https:\/\/fcri.cat\/es\/wp-json\/wp\/v2\/pages"}],"about":[{"href":"https:\/\/fcri.cat\/es\/wp-json\/wp\/v2\/types\/page"}],"author":[{"embeddable":true,"href":"https:\/\/fcri.cat\/es\/wp-json\/wp\/v2\/users\/6"}],"replies":[{"embeddable":true,"href":"https:\/\/fcri.cat\/es\/wp-json\/wp\/v2\/comments?post=13492"}],"version-history":[{"count":9,"href":"https:\/\/fcri.cat\/es\/wp-json\/wp\/v2\/pages\/13492\/revisions"}],"predecessor-version":[{"id":19791,"href":"https:\/\/fcri.cat\/es\/wp-json\/wp\/v2\/pages\/13492\/revisions\/19791"}],"up":[{"embeddable":true,"href":"https:\/\/fcri.cat\/es\/wp-json\/wp\/v2\/pages\/1285"}],"wp:featuredmedia":[{"embeddable":true,"href":"https:\/\/fcri.cat\/es\/wp-json\/wp\/v2\/media\/16767"}],"wp:attachment":[{"href":"https:\/\/fcri.cat\/es\/wp-json\/wp\/v2\/media?parent=13492"}],"curies":[{"name":"wp","href":"https:\/\/api.w.org\/{rel}","templated":true}]}}